{"id":458,"date":"2017-07-28T23:24:59","date_gmt":"2017-07-28T21:24:59","guid":{"rendered":"https:\/\/mylisting.27collective.net\/my-city\/?page_id=458"},"modified":"2022-11-15T10:01:14","modified_gmt":"2022-11-15T09:01:14","slug":"agenda","status":"publish","type":"page","link":"https:\/\/www.parislgbt.com\/en\/agenda\/","title":{"rendered":"Events"},"content":{"rendered":"\t\t<div data-elementor-type=\"wp-page\" data-elementor-id=\"458\" class=\"elementor elementor-458\">\n\t\t\t\t\t\t<section class=\"elementor-section elementor-top-section elementor-element elementor-element-5c787fa elementor-section-boxed elementor-section-height-default elementor-section-height-default\" data-id=\"5c787fa\" data-element_type=\"section\" data-e-type=\"section\">\n\t\t\t\t\t\t<div class=\"elementor-container elementor-column-gap-default\">\n\t\t\t\t\t<div class=\"elementor-column elementor-col-100 elementor-top-column elementor-element elementor-element-7e1fb07\" data-id=\"7e1fb07\" data-element_type=\"column\" data-e-type=\"column\">\n\t\t\t<div class=\"elementor-widget-wrap elementor-element-populated\">\n\t\t\t\t\t\t<div class=\"elementor-element elementor-element-9429791 elementor-widget elementor-widget-heading\" data-id=\"9429791\" data-element_type=\"widget\" data-e-type=\"widget\" data-widget_type=\"heading.default\">\n\t\t\t\t<div class=\"elementor-widget-container\">\n\t\t\t\t\t<h2 class=\"elementor-heading-title elementor-size-default\">Agenda des \u00e9v\u00e9n\u00e9ments LGBT \u00e0 Paris<\/h2>\t\t\t\t<\/div>\n\t\t\t\t<\/div>\n\t\t\t\t\t<\/div>\n\t\t<\/div>\n\t\t\t\t\t<\/div>\n\t\t<\/section>\n\t\t\t\t<section class=\"elementor-section elementor-top-section elementor-element elementor-element-e5ib7yy elementor-section-full_width elementor-section-height-default elementor-section-height-default\" data-id=\"e5ib7yy\" data-element_type=\"section\" data-e-type=\"section\">\n\t\t\t\t\t\t<div class=\"elementor-container elementor-column-gap-no\">\n\t\t\t\t\t<div class=\"elementor-column elementor-col-100 elementor-top-column elementor-element elementor-element-no7ij0f\" data-id=\"no7ij0f\" data-element_type=\"column\" data-e-type=\"column\">\n\t\t\t<div class=\"elementor-widget-wrap elementor-element-populated\">\n\t\t\t\t\t\t<div class=\"elementor-element elementor-element-sea90f9 elementor-widget elementor-widget-case27-explore-widget\" data-id=\"sea90f9\" data-element_type=\"widget\" data-e-type=\"widget\" data-widget_type=\"case27-explore-widget.default\">\n\t\t\t\t<div class=\"elementor-widget-container\">\n\t\t\t\t\t\r\n<script type=\"application\/json\" id=\"case27-explore-configuration\">{\"ListingWrap\":\"col-md-4 col-sm-6 grid-item\",\"ActiveMobileTab\":\"results\",\"ScrollToResults\":false,\"Map\":{\"default_lat\":51.492,\"default_lng\":-0.13,\"default_zoom\":11,\"min_zoom\":2,\"max_zoom\":18,\"skin\":\"skin3\",\"scrollwheel\":\"\",\"map_type_control\":false},\"CircleColor\":{\"circle_color\":\"#B7BABE\",\"circle_opacity\":0.1,\"circle_border_color\":\"#B7BABE\",\"circle_border_opacity\":0.3},\"IsFirstLoad\":true,\"DisableIsotope\":false,\"DisableLiveUrlUpdate\":false,\"DragSearchEnabled\":false,\"DragSearchLabel\":\"Visible map area\",\"TermSettings\":{\"count\":10},\"ListingTypes\":{\"event\":{\"index\":0,\"name\":\"Ev\\u00e9nements\",\"icon\":\"\\t\\t\\t\\u003Ci class=\\u0022mi queue_music\\u0022\\u003E\\u003C\\\/i\\u003E\\r\\n\\t\\t\",\"slug\":\"event\",\"id\":111,\"tabs\":{\"search-form\":{\"type\":\"search-form\",\"label\":\"Filters\",\"icon\":\"mi filter_list\",\"orderby\":\"\",\"order\":\"\",\"hide_empty\":false},\"events-venue\":{\"type\":\"events-venue\",\"label\":\"Etablissements\",\"icon\":\"mi bookmark_border\",\"orderby\":\"count\",\"order\":\"DESC\",\"hide_empty\":true}},\"is_global\":false,\"filters\":{\"page\":0,\"preserve_page\":false,\"evnement-rcurrent\":\"\",\"search_keywords\":\"\",\"region\":\"\",\"sort\":\"date\"},\"tab\":\"search-form\",\"defaultTab\":\"search-form\",\"taxonomies\":{\"categories\":{\"tax\":\"job_listing_category\",\"field_name\":\"job_category\",\"tab_id\":\"categories\",\"page\":0,\"termsLoading\":false,\"termsPage\":0,\"activeTermId\":0,\"activeTerm\":false,\"hasMore\":false,\"terms\":{}},\"regions\":{\"tax\":\"region\",\"field_name\":\"region\",\"tab_id\":\"regions\",\"page\":0,\"termsLoading\":false,\"termsPage\":0,\"activeTermId\":0,\"activeTerm\":false,\"hasMore\":false,\"terms\":{}},\"tags\":{\"tax\":\"case27_job_listing_tags\",\"field_name\":\"job_tags\",\"tab_id\":\"tags\",\"page\":0,\"termsLoading\":false,\"termsPage\":0,\"activeTermId\":0,\"activeTerm\":false,\"hasMore\":false,\"terms\":{}},\"events-venue\":{\"tax\":\"events-venue\",\"field_name\":\"events-venue\",\"tab_id\":\"events-venue\",\"page\":0,\"termsLoading\":false,\"termsPage\":0,\"activeTermId\":0,\"activeTerm\":false,\"hasMore\":false,\"terms\":{}}},\"max_num_pages\":0,\"is_first_load\":true,\"preview_type\":\"image\",\"prefetched_results\":{\"html\":\"\\u003Cdiv class=\\u0022col-md-4 col-sm-6 grid-item\\u0022\\u003E\\u003Cdiv class=\\u0022lf-item-container listing-preview type-event no-logo has-tagline has-info-fields level-promoted priority-2\\u0022 data-id=\\u0022listing-id-38088\\u0022 data-category-icon=\\u0022\\u0022 data-category-color=\\u0022\\u0022 data-category-text-color=\\u0022\\u0022 data-thumbnail=\\u0022https:\\\/\\\/www.parislgbt.com\\\/wp-content\\\/themes\\\/my-listing\\\/assets\\\/images\\\/marker.jpg\\u0022 data-marker=\\u0022https:\\\/\\\/www.parislgbt.com\\\/wp-content\\\/themes\\\/my-listing\\\/assets\\\/images\\\/marker.jpg\\u0022 data-template=\\u0022default\\u0022 data-locations=\\u0022false\\u0022\\n\\u003E\\u003Cdiv class=\\u0022lf-item lf-item-default\\u0022 data-template=\\u0022default\\u0022\\u003E \\u003Ca href=\\u0022https:\\\/\\\/www.parislgbt.com\\\/listing\\\/afterwork-karaoke-au-sun-city-2026\\\/\\u0022\\u003E \\u003Cdiv class=\\u0022overlay\\u0022 style=\\u0022 background-color: #0b0033; opacity: 0.4;\\n\\u0022\\u003E\\u003C\\\/div\\u003E \\u003Cdiv class=\\u0022lf-background\\u0022 style=\\u0022background-image: url(\\u0027https:\\\/\\\/www.parislgbt.com\\\/wp-content\\\/uploads\\\/2025\\\/09\\\/AFTERWORK-KARAOKE-AU-SUN-CITY-2026-768x432.jpg\\u0027);\\u0022\\u003E\\u003C\\\/div\\u003E \\u003Cdiv class=\\u0022lf-item-info\\u0022\\u003E \\u003Ch4 class=\\u0022case27-primary-text listing-preview-title\\u0022\\u003E AFTERWORK KARAOKE AU SUN CITY \\u003C\\\/h4\\u003E \\u003Cul class=\\u0022lf-contact no-list-style\\u0022\\u003E \\u003C\\\/ul\\u003E \\u003C\\\/div\\u003E \\u003C\\\/a\\u003E \\u003Cdiv class=\\u0022lf-head level-promoted\\u0022\\u003E \\u003Cspan class=\\u0022tooltip-element tooltip-bottom\\u0022\\u003E \\u003Cdiv class=\\u0022lf-head-btn ad-badge\\u0022\\u003E \\u003Cspan\\u003E\\u003Ci class=\\u0022icon-flash\\u0022\\u003E\\u003C\\\/i\\u003E\\u003C\\\/span\\u003E \\u003C\\\/div\\u003E \\u003Cspan class=\\u0022tooltip-container\\u0022\\u003EPromoted\\u003C\\\/span\\u003E \\u003C\\\/span\\u003E \\u003Cdiv class=\\u0022lf-head-btn \\u0022 \\u003E 1 May - 2 May \\u003C\\\/div\\u003E \\u003C\\\/div\\u003E\\u003C\\\/div\\u003E\\u003C\\\/div\\u003E\\u003C\\\/div\\u003E\\u003Cdiv class=\\u0022col-md-4 col-sm-6 grid-item\\u0022\\u003E\\u003Cdiv class=\\u0022lf-item-container listing-preview type-event no-logo has-tagline has-info-fields level-promoted priority-2\\u0022 data-id=\\u0022listing-id-37306\\u0022 data-category-icon=\\u0022\\u0022 data-category-color=\\u0022\\u0022 data-category-text-color=\\u0022\\u0022 data-thumbnail=\\u0022https:\\\/\\\/www.parislgbt.com\\\/wp-content\\\/themes\\\/my-listing\\\/assets\\\/images\\\/marker.jpg\\u0022 data-marker=\\u0022https:\\\/\\\/www.parislgbt.com\\\/wp-content\\\/themes\\\/my-listing\\\/assets\\\/images\\\/marker.jpg\\u0022 data-template=\\u0022default\\u0022 data-locations=\\u0022false\\u0022\\n\\u003E\\u003Cdiv class=\\u0022lf-item lf-item-default\\u0022 data-template=\\u0022default\\u0022\\u003E \\u003Ca href=\\u0022https:\\\/\\\/www.parislgbt.com\\\/listing\\\/l-afterwork-karaoke-du-sun-city\\\/\\u0022\\u003E \\u003Cdiv class=\\u0022overlay\\u0022 style=\\u0022 background-color: #0b0033; opacity: 0.4;\\n\\u0022\\u003E\\u003C\\\/div\\u003E \\u003Cdiv class=\\u0022lf-background\\u0022 style=\\u0022background-image: url(\\u0027https:\\\/\\\/www.parislgbt.com\\\/wp-content\\\/uploads\\\/2025\\\/01\\\/15-Jan-AFTERWORK-KARAOKE-DU-SUN-CITY-768x768.jpg\\u0027);\\u0022\\u003E\\u003C\\\/div\\u003E \\u003Cdiv class=\\u0022lf-item-info\\u0022\\u003E \\u003Ch4 class=\\u0022case27-primary-text listing-preview-title\\u0022\\u003E L\\u0027 AFTERWORK KARAOK\\u00c9 DU SUN CITY \\u003C\\\/h4\\u003E \\u003Cul class=\\u0022lf-contact no-list-style\\u0022\\u003E\\u003C\\\/ul\\u003E \\u003C\\\/div\\u003E \\u003C\\\/a\\u003E \\u003Cdiv class=\\u0022lf-head level-promoted\\u0022\\u003E \\u003Cspan class=\\u0022tooltip-element tooltip-bottom\\u0022\\u003E \\u003Cdiv class=\\u0022lf-head-btn ad-badge\\u0022\\u003E \\u003Cspan\\u003E\\u003Ci class=\\u0022icon-flash\\u0022\\u003E\\u003C\\\/i\\u003E\\u003C\\\/span\\u003E \\u003C\\\/div\\u003E \\u003Cspan class=\\u0022tooltip-container\\u0022\\u003EPromoted\\u003C\\\/span\\u003E \\u003C\\\/span\\u003E \\u003Cdiv class=\\u0022lf-head-btn \\u0022 \\u003E 6 May \\u003C\\\/div\\u003E \\u003C\\\/div\\u003E\\u003C\\\/div\\u003E\\u003C\\\/div\\u003E\\u003C\\\/div\\u003E\\u003Cdiv class=\\u0022col-md-4 col-sm-6 grid-item\\u0022\\u003E\\u003Cdiv class=\\u0022lf-item-container listing-preview type-event no-logo has-tagline has-info-fields level-promoted priority-2\\u0022 data-id=\\u0022listing-id-42697\\u0022 data-category-icon=\\u0022\\u0022 data-category-color=\\u0022\\u0022 data-category-text-color=\\u0022\\u0022 data-thumbnail=\\u0022https:\\\/\\\/www.parislgbt.com\\\/wp-content\\\/themes\\\/my-listing\\\/assets\\\/images\\\/marker.jpg\\u0022 data-marker=\\u0022https:\\\/\\\/www.parislgbt.com\\\/wp-content\\\/themes\\\/my-listing\\\/assets\\\/images\\\/marker.jpg\\u0022 data-template=\\u0022default\\u0022 data-locations=\\u0022[{\\u0026quot;address\\u0026quot;:\\u0026quot;9 Cours des Humanit\\\\u00e9s, 93300 Aubervilliers, France\\u0026quot;,\\u0026quot;lat\\u0026quot;:\\u0026quot;48.90926\\u0026quot;,\\u0026quot;lng\\u0026quot;:\\u0026quot;2.36650\\u0026quot;}]\\u0022\\n\\u003E\\u003Cdiv class=\\u0022lf-item lf-item-default\\u0022 data-template=\\u0022default\\u0022\\u003E \\u003Ca href=\\u0022https:\\\/\\\/www.parislgbt.com\\\/listing\\\/conference-debat-sexualite-et-identifications-minoritaires-comment-les-jeunes-questionnent-lordre-de-genre\\\/\\u0022\\u003E \\u003Cdiv class=\\u0022overlay\\u0022 style=\\u0022 background-color: #0b0033; opacity: 0.4;\\n\\u0022\\u003E\\u003C\\\/div\\u003E \\u003Cdiv class=\\u0022lf-background\\u0022 style=\\u0022background-image: url(\\u0027https:\\\/\\\/www.parislgbt.com\\\/wp-content\\\/uploads\\\/listing-uploads\\\/cover\\\/2026\\\/04\\\/people-enjoying-celebrations-pride-month-768x512.jpg\\u0027);\\u0022\\u003E\\u003C\\\/div\\u003E \\u003Cdiv class=\\u0022lf-item-info\\u0022\\u003E \\u003Ch4 class=\\u0022case27-primary-text listing-preview-title\\u0022\\u003E Conf\\u00e9rence-d\\u00e9bat : Sexualit\\u00e9 et identifications minoritaires : comment les jeunes questionnent l\\u2019ordre de genre \\u003C\\\/h4\\u003E \\u003Cul class=\\u0022lf-contact no-list-style\\u0022\\u003E \\u003Cli \\u003E Institut national d\\u0026#039;\\u00e9tudes d\\u00e9mographiques (Ined) \\u003C\\\/li\\u003E \\u003C\\\/ul\\u003E \\u003C\\\/div\\u003E \\u003C\\\/a\\u003E \\u003Cdiv class=\\u0022lf-head level-promoted\\u0022\\u003E \\u003Cspan class=\\u0022tooltip-element tooltip-bottom\\u0022\\u003E \\u003Cdiv class=\\u0022lf-head-btn ad-badge\\u0022\\u003E \\u003Cspan\\u003E\\u003Ci class=\\u0022icon-flash\\u0022\\u003E\\u003C\\\/i\\u003E\\u003C\\\/span\\u003E \\u003C\\\/div\\u003E \\u003Cspan class=\\u0022tooltip-container\\u0022\\u003EPromoted\\u003C\\\/span\\u003E \\u003C\\\/span\\u003E \\u003Cdiv class=\\u0022lf-head-btn \\u0022 \\u003E 7 May \\u003C\\\/div\\u003E \\u003C\\\/div\\u003E\\u003C\\\/div\\u003E\\u003C\\\/div\\u003E\\u003C\\\/div\\u003E\\u003Cdiv class=\\u0022col-md-4 col-sm-6 grid-item\\u0022\\u003E\\u003Cdiv class=\\u0022lf-item-container listing-preview type-event no-logo has-tagline has-info-fields level-promoted priority-2\\u0022 data-id=\\u0022listing-id-40393\\u0022 data-category-icon=\\u0022\\u0022 data-category-color=\\u0022\\u0022 data-category-text-color=\\u0022\\u0022 data-thumbnail=\\u0022https:\\\/\\\/www.parislgbt.com\\\/wp-content\\\/themes\\\/my-listing\\\/assets\\\/images\\\/marker.jpg\\u0022 data-marker=\\u0022https:\\\/\\\/www.parislgbt.com\\\/wp-content\\\/themes\\\/my-listing\\\/assets\\\/images\\\/marker.jpg\\u0022 data-template=\\u0022default\\u0022 data-locations=\\u0022[{\\u0026quot;address\\u0026quot;:\\u0026quot;Paris, \\\\u00cele-de-France, France\\u0026quot;,\\u0026quot;lat\\u0026quot;:\\u0026quot;48.85347\\u0026quot;,\\u0026quot;lng\\u0026quot;:\\u0026quot;2.34821\\u0026quot;}]\\u0022\\n\\u003E\\u003Cdiv class=\\u0022lf-item lf-item-default\\u0022 data-template=\\u0022default\\u0022\\u003E \\u003Ca href=\\u0022https:\\\/\\\/www.parislgbt.com\\\/listing\\\/idahobit\\\/\\u0022\\u003E \\u003Cdiv class=\\u0022overlay\\u0022 style=\\u0022 background-color: #0b0033; opacity: 0.4;\\n\\u0022\\u003E\\u003C\\\/div\\u003E \\u003Cdiv class=\\u0022lf-background\\u0022 style=\\u0022background-image: url(\\u0027https:\\\/\\\/www.parislgbt.com\\\/wp-content\\\/uploads\\\/2026\\\/01\\\/IDAHOBIT-Francais-768x334.png\\u0027);\\u0022\\u003E\\u003C\\\/div\\u003E \\u003Cdiv class=\\u0022lf-item-info\\u0022\\u003E \\u003Ch4 class=\\u0022case27-primary-text listing-preview-title\\u0022\\u003E IDAHOBIT International Day Against Homophobia, Transphobia, and Biphobia \\u003C\\\/h4\\u003E \\u003Cul class=\\u0022lf-contact no-list-style\\u0022\\u003E \\u003Cli \\u003E France \\u003C\\\/li\\u003E \\u003C\\\/ul\\u003E \\u003C\\\/div\\u003E \\u003C\\\/a\\u003E \\u003Cdiv class=\\u0022lf-head level-promoted\\u0022\\u003E \\u003Cspan class=\\u0022tooltip-element tooltip-bottom\\u0022\\u003E \\u003Cdiv class=\\u0022lf-head-btn ad-badge\\u0022\\u003E \\u003Cspan\\u003E\\u003Ci class=\\u0022icon-flash\\u0022\\u003E\\u003C\\\/i\\u003E\\u003C\\\/span\\u003E \\u003C\\\/div\\u003E \\u003Cspan class=\\u0022tooltip-container\\u0022\\u003EPromoted\\u003C\\\/span\\u003E \\u003C\\\/span\\u003E \\u003Cdiv class=\\u0022lf-head-btn \\u0022 \\u003E 17 May \\u003C\\\/div\\u003E \\u003C\\\/div\\u003E\\u003C\\\/div\\u003E\\u003C\\\/div\\u003E\\u003C\\\/div\\u003E\\u003Cdiv class=\\u0022col-md-4 col-sm-6 grid-item\\u0022\\u003E\\u003Cdiv class=\\u0022lf-item-container listing-preview type-event no-logo has-tagline has-info-fields level-promoted priority-2\\u0022 data-id=\\u0022listing-id-42354\\u0022 data-category-icon=\\u0022\\u0022 data-category-color=\\u0022\\u0022 data-category-text-color=\\u0022\\u0022 data-thumbnail=\\u0022https:\\\/\\\/www.parislgbt.com\\\/wp-content\\\/themes\\\/my-listing\\\/assets\\\/images\\\/marker.jpg\\u0022 data-marker=\\u0022https:\\\/\\\/www.parislgbt.com\\\/wp-content\\\/themes\\\/my-listing\\\/assets\\\/images\\\/marker.jpg\\u0022 data-template=\\u0022default\\u0022 data-locations=\\u0022[{\\u0026quot;address\\u0026quot;:\\u0026quot;Place De La Pointe, 93500 Pantin, France\\u0026quot;,\\u0026quot;lat\\u0026quot;:\\u0026quot;48.89493\\u0026quot;,\\u0026quot;lng\\u0026quot;:\\u0026quot;2.41700\\u0026quot;}]\\u0022\\n\\u003E\\u003Cdiv class=\\u0022lf-item lf-item-default\\u0022 data-template=\\u0022default\\u0022\\u003E \\u003Ca href=\\u0022https:\\\/\\\/www.parislgbt.com\\\/listing\\\/course-des-fiertes\\\/\\u0022\\u003E \\u003Cdiv class=\\u0022overlay\\u0022 style=\\u0022 background-color: #0b0033; opacity: 0.4;\\n\\u0022\\u003E\\u003C\\\/div\\u003E \\u003Cdiv class=\\u0022lf-background\\u0022 style=\\u0022background-image: url(\\u0027https:\\\/\\\/www.parislgbt.com\\\/wp-content\\\/uploads\\\/listing-uploads\\\/cover\\\/2026\\\/03\\\/Course-des-Fiertes_Samedi-20-Juin-2026-768x960.jpeg\\u0027);\\u0022\\u003E\\u003C\\\/div\\u003E \\u003Cdiv class=\\u0022lf-item-info\\u0022\\u003E \\u003Ch4 class=\\u0022case27-primary-text listing-preview-title\\u0022\\u003E Course des Fiert\\u00e9s \\u003C\\\/h4\\u003E \\u003Cul class=\\u0022lf-contact no-list-style\\u0022\\u003E \\u003Cli \\u003E Place de la Point, Pantin \\u003C\\\/li\\u003E \\u003C\\\/ul\\u003E \\u003C\\\/div\\u003E \\u003C\\\/a\\u003E \\u003Cdiv class=\\u0022lf-head level-promoted\\u0022\\u003E \\u003Cspan class=\\u0022tooltip-element tooltip-bottom\\u0022\\u003E \\u003Cdiv class=\\u0022lf-head-btn ad-badge\\u0022\\u003E \\u003Cspan\\u003E\\u003Ci class=\\u0022icon-flash\\u0022\\u003E\\u003C\\\/i\\u003E\\u003C\\\/span\\u003E \\u003C\\\/div\\u003E \\u003Cspan class=\\u0022tooltip-container\\u0022\\u003EPromoted\\u003C\\\/span\\u003E \\u003C\\\/span\\u003E \\u003Cdiv class=\\u0022lf-head-btn \\u0022 \\u003E 20 Jun \\u003C\\\/div\\u003E \\u003C\\\/div\\u003E\\u003C\\\/div\\u003E\\u003C\\\/div\\u003E\\u003C\\\/div\\u003E\\u003Cdiv class=\\u0022col-md-4 col-sm-6 grid-item\\u0022\\u003E\\u003Cdiv class=\\u0022lf-item-container listing-preview type-event no-logo has-tagline has-info-fields level-promoted priority-2\\u0022 data-id=\\u0022listing-id-36038\\u0022 data-category-icon=\\u0022\\u0022 data-category-color=\\u0022\\u0022 data-category-text-color=\\u0022\\u0022 data-thumbnail=\\u0022https:\\\/\\\/www.parislgbt.com\\\/wp-content\\\/themes\\\/my-listing\\\/assets\\\/images\\\/marker.jpg\\u0022 data-marker=\\u0022https:\\\/\\\/www.parislgbt.com\\\/wp-content\\\/themes\\\/my-listing\\\/assets\\\/images\\\/marker.jpg\\u0022 data-template=\\u0022default\\u0022 data-locations=\\u0022[{\\u0026quot;address\\u0026quot;:\\u0026quot;Paris, \\\\u00cele-de-France, France\\u0026quot;,\\u0026quot;lat\\u0026quot;:\\u0026quot;48.86409\\u0026quot;,\\u0026quot;lng\\u0026quot;:\\u0026quot;2.36233\\u0026quot;}]\\u0022\\n\\u003E\\u003Cdiv class=\\u0022lf-item lf-item-default\\u0022 data-template=\\u0022default\\u0022\\u003E \\u003Ca href=\\u0022https:\\\/\\\/www.parislgbt.com\\\/listing\\\/conference-tourisme-lgbt-2025\\\/\\u0022\\u003E \\u003Cdiv class=\\u0022overlay\\u0022 style=\\u0022 background-color: #0b0033; opacity: 0.4;\\n\\u0022\\u003E\\u003C\\\/div\\u003E \\u003Cdiv class=\\u0022lf-background\\u0022 style=\\u0022background-image: url(\\u0027https:\\\/\\\/www.parislgbt.com\\\/wp-content\\\/uploads\\\/2025\\\/05\\\/Visuel-conf-20-juin-event-768x432.jpeg\\u0027);\\u0022\\u003E\\u003C\\\/div\\u003E \\u003Cdiv class=\\u0022lf-item-info\\u0022\\u003E \\u003Ch4 class=\\u0022case27-primary-text listing-preview-title\\u0022\\u003E Conf\\u00e9rence Tourisme LGBT \\u003C\\\/h4\\u003E \\u003Cul class=\\u0022lf-contact no-list-style\\u0022\\u003E \\u003Cli \\u003E Mairie Paris Centre \\u003C\\\/li\\u003E \\u003C\\\/ul\\u003E \\u003C\\\/div\\u003E \\u003C\\\/a\\u003E \\u003Cdiv class=\\u0022lf-head level-promoted\\u0022\\u003E \\u003Cspan class=\\u0022tooltip-element tooltip-bottom\\u0022\\u003E \\u003Cdiv class=\\u0022lf-head-btn ad-badge\\u0022\\u003E \\u003Cspan\\u003E\\u003Ci class=\\u0022icon-flash\\u0022\\u003E\\u003C\\\/i\\u003E\\u003C\\\/span\\u003E \\u003C\\\/div\\u003E \\u003Cspan class=\\u0022tooltip-container\\u0022\\u003EPromoted\\u003C\\\/span\\u003E \\u003C\\\/span\\u003E \\u003Cdiv class=\\u0022lf-head-btn \\u0022 \\u003E 20 Jun \\u003C\\\/div\\u003E \\u003C\\\/div\\u003E\\u003C\\\/div\\u003E\\u003C\\\/div\\u003E\\u003C\\\/div\\u003E\\u003Cdiv class=\\u0022col-md-4 col-sm-6 grid-item\\u0022\\u003E\\u003Cdiv class=\\u0022lf-item-container listing-preview type-event no-logo has-tagline has-info-fields level-featured priority-1\\u0022 data-id=\\u0022listing-id-41475\\u0022 data-category-icon=\\u0022\\u0022 data-category-color=\\u0022\\u0022 data-category-text-color=\\u0022\\u0022 data-thumbnail=\\u0022https:\\\/\\\/www.parislgbt.com\\\/wp-content\\\/themes\\\/my-listing\\\/assets\\\/images\\\/marker.jpg\\u0022 data-marker=\\u0022https:\\\/\\\/www.parislgbt.com\\\/wp-content\\\/themes\\\/my-listing\\\/assets\\\/images\\\/marker.jpg\\u0022 data-template=\\u0022default\\u0022 data-locations=\\u0022[{\\u0026quot;address\\u0026quot;:\\u0026quot;6 Rue Frochot, 75009 Paris, France\\u0026quot;,\\u0026quot;lat\\u0026quot;:\\u0026quot;48.88133\\u0026quot;,\\u0026quot;lng\\u0026quot;:\\u0026quot;2.33763\\u0026quot;}]\\u0022\\n\\u003E\\u003Cdiv class=\\u0022lf-item lf-item-default\\u0022 data-template=\\u0022default\\u0022\\u003E \\u003Ca href=\\u0022https:\\\/\\\/www.parislgbt.com\\\/listing\\\/allie-e-s-et-plus-si-affinites\\\/\\u0022\\u003E \\u003Cdiv class=\\u0022overlay\\u0022 style=\\u0022 background-color: #0b0033; opacity: 0.4;\\n\\u0022\\u003E\\u003C\\\/div\\u003E \\u003Cdiv class=\\u0022lf-background\\u0022 style=\\u0022background-image: url(\\u0027https:\\\/\\\/www.parislgbt.com\\\/wp-content\\\/uploads\\\/listing-uploads\\\/cover\\\/2026\\\/02\\\/IMG_4381-768x1086.jpeg\\u0027);\\u0022\\u003E\\u003C\\\/div\\u003E \\u003Cdiv class=\\u0022lf-item-info\\u0022\\u003E \\u003Ch4 class=\\u0022case27-primary-text listing-preview-title\\u0022\\u003E ALLI\\u00c9.E.S et plus si affinit\\u00e9s \\u003C\\\/h4\\u003E \\u003Cul class=\\u0022lf-contact no-list-style\\u0022\\u003E \\u003Cli \\u003E Th\\u00e9\\u00e2tre Le Bout (Pigalle) \\u003C\\\/li\\u003E \\u003C\\\/ul\\u003E \\u003C\\\/div\\u003E \\u003C\\\/a\\u003E \\u003Cdiv class=\\u0022lf-head level-featured\\u0022\\u003E \\u003Cspan class=\\u0022tooltip-element tooltip-bottom\\u0022\\u003E \\u003Cdiv class=\\u0022lf-head-btn ad-badge\\u0022\\u003E \\u003Cspan\\u003E\\u003Ci class=\\u0022icon-flash\\u0022\\u003E\\u003C\\\/i\\u003E\\u003C\\\/span\\u003E \\u003C\\\/div\\u003E \\u003Cspan class=\\u0022tooltip-container\\u0022\\u003EFeatured\\u003C\\\/span\\u003E \\u003C\\\/span\\u003E \\u003Cdiv class=\\u0022lf-head-btn \\u0022 \\u003E 13 Feb - 1 May \\u003C\\\/div\\u003E \\u003C\\\/div\\u003E\\u003C\\\/div\\u003E\\u003C\\\/div\\u003E\\u003C\\\/div\\u003E\\u003Cdiv class=\\u0022col-md-4 col-sm-6 grid-item\\u0022\\u003E\\u003Cdiv class=\\u0022lf-item-container listing-preview type-event no-logo has-tagline has-info-fields level-featured priority-1\\u0022 data-id=\\u0022listing-id-41797\\u0022 data-category-icon=\\u0022\\u0022 data-category-color=\\u0022\\u0022 data-category-text-color=\\u0022\\u0022 data-thumbnail=\\u0022https:\\\/\\\/www.parislgbt.com\\\/wp-content\\\/themes\\\/my-listing\\\/assets\\\/images\\\/marker.jpg\\u0022 data-marker=\\u0022https:\\\/\\\/www.parislgbt.com\\\/wp-content\\\/themes\\\/my-listing\\\/assets\\\/images\\\/marker.jpg\\u0022 data-template=\\u0022default\\u0022 data-locations=\\u0022[{\\u0026quot;address\\u0026quot;:\\u0026quot;95 Boulevard Saint-Michel, 75005 Paris, France\\u0026quot;,\\u0026quot;lat\\u0026quot;:\\u0026quot;48.84457\\u0026quot;,\\u0026quot;lng\\u0026quot;:\\u0026quot;2.33955\\u0026quot;}]\\u0022\\n\\u003E\\u003Cdiv class=\\u0022lf-item lf-item-default\\u0022 data-template=\\u0022default\\u0022\\u003E \\u003Ca href=\\u0022https:\\\/\\\/www.parislgbt.com\\\/listing\\\/yalla-le-tajine-musical\\\/\\u0022\\u003E \\u003Cdiv class=\\u0022overlay\\u0022 style=\\u0022 background-color: #0b0033; opacity: 0.4;\\n\\u0022\\u003E\\u003C\\\/div\\u003E \\u003Cdiv class=\\u0022lf-background\\u0022 style=\\u0022background-image: url(\\u0027https:\\\/\\\/www.parislgbt.com\\\/wp-content\\\/uploads\\\/listing-uploads\\\/cover\\\/2026\\\/02\\\/YALLA-Comedie-St-Michel-1-1-768x1152.png\\u0027);\\u0022\\u003E\\u003C\\\/div\\u003E \\u003Cdiv class=\\u0022lf-item-info\\u0022\\u003E \\u003Ch4 class=\\u0022case27-primary-text listing-preview-title\\u0022\\u003E Yalla! Le Tajine Musical \\u003C\\\/h4\\u003E \\u003Cul class=\\u0022lf-contact no-list-style\\u0022\\u003E \\u003Cli \\u003E La Com\\u00e9die St Michel \\u003C\\\/li\\u003E \\u003C\\\/ul\\u003E \\u003C\\\/div\\u003E \\u003C\\\/a\\u003E \\u003Cdiv class=\\u0022lf-head level-featured\\u0022\\u003E \\u003Cspan class=\\u0022tooltip-element tooltip-bottom\\u0022\\u003E \\u003Cdiv class=\\u0022lf-head-btn ad-badge\\u0022\\u003E \\u003Cspan\\u003E\\u003Ci class=\\u0022icon-flash\\u0022\\u003E\\u003C\\\/i\\u003E\\u003C\\\/span\\u003E \\u003C\\\/div\\u003E \\u003Cspan class=\\u0022tooltip-container\\u0022\\u003EFeatured\\u003C\\\/span\\u003E \\u003C\\\/span\\u003E \\u003Cdiv class=\\u0022lf-head-btn \\u0022 \\u003E 26 Apr \\u003C\\\/div\\u003E \\u003C\\\/div\\u003E\\u003C\\\/div\\u003E\\u003C\\\/div\\u003E\\u003C\\\/div\\u003E\\u003Cdiv class=\\u0022col-md-4 col-sm-6 grid-item\\u0022\\u003E\\u003Cdiv class=\\u0022lf-item-container listing-preview type-event no-logo has-tagline has-info-fields level-featured priority-1\\u0022 data-id=\\u0022listing-id-40095\\u0022 data-category-icon=\\u0022\\u0022 data-category-color=\\u0022\\u0022 data-category-text-color=\\u0022\\u0022 data-thumbnail=\\u0022https:\\\/\\\/www.parislgbt.com\\\/wp-content\\\/themes\\\/my-listing\\\/assets\\\/images\\\/marker.jpg\\u0022 data-marker=\\u0022https:\\\/\\\/www.parislgbt.com\\\/wp-content\\\/themes\\\/my-listing\\\/assets\\\/images\\\/marker.jpg\\u0022 data-template=\\u0022default\\u0022 data-locations=\\u0022false\\u0022\\n\\u003E\\u003Cdiv class=\\u0022lf-item lf-item-default\\u0022 data-template=\\u0022default\\u0022\\u003E \\u003Ca href=\\u0022https:\\\/\\\/www.parislgbt.com\\\/listing\\\/get-in-dance-la-soiree-lesbienne-en-mixite-choisie-de-rosa-bonheur-sur-seine-2026\\\/\\u0022\\u003E \\u003Cdiv class=\\u0022overlay\\u0022 style=\\u0022 background-color: #0b0033; opacity: 0.4;\\n\\u0022\\u003E\\u003C\\\/div\\u003E \\u003Cdiv class=\\u0022lf-background\\u0022 style=\\u0022background-image: url(\\u0027https:\\\/\\\/www.parislgbt.com\\\/wp-content\\\/uploads\\\/2026\\\/01\\\/25-Jan-Get-In-Dance.webp\\u0027);\\u0022\\u003E\\u003C\\\/div\\u003E \\u003Cdiv class=\\u0022lf-item-info\\u0022\\u003E \\u003Ch4 class=\\u0022case27-primary-text listing-preview-title\\u0022\\u003E Get In Dance, la soir\\u00e9e lesbienne en mixit\\u00e9 choisie de Rosa Bonheur sur Seine \\u003C\\\/h4\\u003E \\u003Cul class=\\u0022lf-contact no-list-style\\u0022\\u003E \\u003C\\\/ul\\u003E \\u003C\\\/div\\u003E \\u003C\\\/a\\u003E \\u003Cdiv class=\\u0022lf-head level-featured\\u0022\\u003E \\u003Cspan class=\\u0022tooltip-element tooltip-bottom\\u0022\\u003E \\u003Cdiv class=\\u0022lf-head-btn ad-badge\\u0022\\u003E \\u003Cspan\\u003E\\u003Ci class=\\u0022icon-flash\\u0022\\u003E\\u003C\\\/i\\u003E\\u003C\\\/span\\u003E \\u003C\\\/div\\u003E \\u003Cspan class=\\u0022tooltip-container\\u0022\\u003EFeatured\\u003C\\\/span\\u003E \\u003C\\\/span\\u003E \\u003Cdiv class=\\u0022lf-head-btn \\u0022 \\u003E 26 Apr \\u003C\\\/div\\u003E \\u003C\\\/div\\u003E\\u003C\\\/div\\u003E\\u003C\\\/div\\u003E\\u003C\\\/div\\u003E\\u003Cdiv class=\\u0022col-md-4 col-sm-6 grid-item\\u0022\\u003E\\u003Cdiv class=\\u0022lf-item-container listing-preview type-event no-logo has-tagline has-info-fields level-featured priority-1\\u0022 data-id=\\u0022listing-id-42489\\u0022 data-category-icon=\\u0022\\u0022 data-category-color=\\u0022\\u0022 data-category-text-color=\\u0022\\u0022 data-thumbnail=\\u0022https:\\\/\\\/www.parislgbt.com\\\/wp-content\\\/themes\\\/my-listing\\\/assets\\\/images\\\/marker.jpg\\u0022 data-marker=\\u0022https:\\\/\\\/www.parislgbt.com\\\/wp-content\\\/themes\\\/my-listing\\\/assets\\\/images\\\/marker.jpg\\u0022 data-template=\\u0022default\\u0022 data-locations=\\u0022[{\\u0026quot;address\\u0026quot;:\\u0026quot;1 Avenue de la R\\\\u00e9publique, 93170 Bagnolet, France\\u0026quot;,\\u0026quot;lat\\u0026quot;:\\u0026quot;48.86313\\u0026quot;,\\u0026quot;lng\\u0026quot;:\\u0026quot;2.41541\\u0026quot;}]\\u0022\\n\\u003E\\u003Cdiv class=\\u0022lf-item lf-item-default\\u0022 data-template=\\u0022default\\u0022\\u003E \\u003Ca href=\\u0022https:\\\/\\\/www.parislgbt.com\\\/listing\\\/rubweek26\\\/\\u0022\\u003E \\u003Cdiv class=\\u0022overlay\\u0022 style=\\u0022 background-color: #0b0033; opacity: 0.4;\\n\\u0022\\u003E\\u003C\\\/div\\u003E \\u003Cdiv class=\\u0022lf-background\\u0022 style=\\u0022background-image: url(\\u0027https:\\\/\\\/www.parislgbt.com\\\/wp-content\\\/uploads\\\/listing-uploads\\\/cover\\\/2026\\\/03\\\/800-800-social-square-768x768.png\\u0027);\\u0022\\u003E\\u003C\\\/div\\u003E \\u003Cdiv class=\\u0022lf-item-info\\u0022\\u003E \\u003Ch4 class=\\u0022case27-primary-text listing-preview-title\\u0022\\u003E RUB\\u0027WEEK26 \\u003C\\\/h4\\u003E \\u003Cul class=\\u0022lf-contact no-list-style\\u0022\\u003E \\u003Cli \\u003E SYNERGY - RUB\\u0026#039;ZONE - CLOS\\u0026#039;IN \\u003C\\\/li\\u003E \\u003C\\\/ul\\u003E \\u003C\\\/div\\u003E \\u003C\\\/a\\u003E \\u003Cdiv class=\\u0022lf-head level-featured\\u0022\\u003E \\u003Cspan class=\\u0022tooltip-element tooltip-bottom\\u0022\\u003E \\u003Cdiv class=\\u0022lf-head-btn ad-badge\\u0022\\u003E \\u003Cspan\\u003E\\u003Ci class=\\u0022icon-flash\\u0022\\u003E\\u003C\\\/i\\u003E\\u003C\\\/span\\u003E \\u003C\\\/div\\u003E \\u003Cspan class=\\u0022tooltip-container\\u0022\\u003EFeatured\\u003C\\\/span\\u003E \\u003C\\\/span\\u003E \\u003Cdiv class=\\u0022lf-head-btn \\u0022 \\u003E 30 Apr - 4 May \\u003C\\\/div\\u003E \\u003C\\\/div\\u003E\\u003C\\\/div\\u003E\\u003C\\\/div\\u003E\\u003C\\\/div\\u003E\\u003Cdiv class=\\u0022col-md-4 col-sm-6 grid-item\\u0022\\u003E\\u003Cdiv class=\\u0022lf-item-container listing-preview type-event no-logo has-tagline has-info-fields level-featured priority-1\\u0022 data-id=\\u0022listing-id-42058\\u0022 data-category-icon=\\u0022\\u0022 data-category-color=\\u0022\\u0022 data-category-text-color=\\u0022\\u0022 data-thumbnail=\\u0022https:\\\/\\\/www.parislgbt.com\\\/wp-content\\\/themes\\\/my-listing\\\/assets\\\/images\\\/marker.jpg\\u0022 data-marker=\\u0022https:\\\/\\\/www.parislgbt.com\\\/wp-content\\\/themes\\\/my-listing\\\/assets\\\/images\\\/marker.jpg\\u0022 data-template=\\u0022default\\u0022 data-locations=\\u0022[{\\u0026quot;address\\u0026quot;:\\u0026quot;8 Port De La Gare, 75013 Paris, France\\u0026quot;,\\u0026quot;lat\\u0026quot;:\\u0026quot;48.83378\\u0026quot;,\\u0026quot;lng\\u0026quot;:\\u0026quot;2.37857\\u0026quot;}]\\u0022\\n\\u003E\\u003Cdiv class=\\u0022lf-item lf-item-default\\u0022 data-template=\\u0022default\\u0022\\u003E \\u003Ca href=\\u0022https:\\\/\\\/www.parislgbt.com\\\/listing\\\/drag-invasion-avec-eboni-labelle-drag-race-canada\\\/\\u0022\\u003E \\u003Cdiv class=\\u0022overlay\\u0022 style=\\u0022 background-color: #0b0033; opacity: 0.4;\\n\\u0022\\u003E\\u003C\\\/div\\u003E \\u003Cdiv class=\\u0022lf-background\\u0022 style=\\u0022background-image: url(\\u0027https:\\\/\\\/www.parislgbt.com\\\/wp-content\\\/uploads\\\/listing-uploads\\\/cover\\\/2026\\\/04\\\/Copie-de-BANDEAU-SHOTGUN-MARS-AVRIL-1-768x432.jpg\\u0027);\\u0022\\u003E\\u003C\\\/div\\u003E \\u003Cdiv class=\\u0022lf-item-info\\u0022\\u003E \\u003Ch4 class=\\u0022case27-primary-text listing-preview-title\\u0022\\u003E Drag Invasion \\u2014 AVEC EBONI LA\\u0027BELLE DRAG RACE CANADA \\u003C\\\/h4\\u003E \\u003Cul class=\\u0022lf-contact no-list-style\\u0022\\u003E \\u003Cli \\u003E Bateau El Alamein, 8 Port de la Gare, 75013 Paris \\u003C\\\/li\\u003E \\u003C\\\/ul\\u003E \\u003C\\\/div\\u003E \\u003C\\\/a\\u003E \\u003Cdiv class=\\u0022lf-head level-featured\\u0022\\u003E \\u003Cspan class=\\u0022tooltip-element tooltip-bottom\\u0022\\u003E \\u003Cdiv class=\\u0022lf-head-btn ad-badge\\u0022\\u003E \\u003Cspan\\u003E\\u003Ci class=\\u0022icon-flash\\u0022\\u003E\\u003C\\\/i\\u003E\\u003C\\\/span\\u003E \\u003C\\\/div\\u003E \\u003Cspan class=\\u0022tooltip-container\\u0022\\u003EFeatured\\u003C\\\/span\\u003E \\u003C\\\/span\\u003E \\u003Cdiv class=\\u0022lf-head-btn \\u0022 \\u003E 1 May \\u003C\\\/div\\u003E \\u003C\\\/div\\u003E\\u003C\\\/div\\u003E\\u003C\\\/div\\u003E\\u003C\\\/div\\u003E\\u003Cdiv class=\\u0022col-md-4 col-sm-6 grid-item\\u0022\\u003E\\u003Cdiv class=\\u0022lf-item-container listing-preview type-event no-logo has-tagline has-info-fields level-featured priority-1\\u0022 data-id=\\u0022listing-id-42742\\u0022 data-category-icon=\\u0022\\u0022 data-category-color=\\u0022\\u0022 data-category-text-color=\\u0022\\u0022 data-thumbnail=\\u0022https:\\\/\\\/www.parislgbt.com\\\/wp-content\\\/themes\\\/my-listing\\\/assets\\\/images\\\/marker.jpg\\u0022 data-marker=\\u0022https:\\\/\\\/www.parislgbt.com\\\/wp-content\\\/themes\\\/my-listing\\\/assets\\\/images\\\/marker.jpg\\u0022 data-template=\\u0022default\\u0022 data-locations=\\u0022[{\\u0026quot;address\\u0026quot;:\\u0026quot;17 Boulevard Morland, 75004 Paris, France\\u0026quot;,\\u0026quot;lat\\u0026quot;:\\u0026quot;48.84996\\u0026quot;,\\u0026quot;lng\\u0026quot;:\\u0026quot;2.36320\\u0026quot;}]\\u0022\\n\\u003E\\u003Cdiv class=\\u0022lf-item lf-item-default\\u0022 data-template=\\u0022default\\u0022\\u003E \\u003Ca href=\\u0022https:\\\/\\\/www.parislgbt.com\\\/listing\\\/gigis-titi-drag-brunch-15-au-titi-palacio-avec-clemence-tru\\\/\\u0022\\u003E \\u003Cdiv class=\\u0022overlay\\u0022 style=\\u0022 background-color: #0b0033; opacity: 0.4;\\n\\u0022\\u003E\\u003C\\\/div\\u003E \\u003Cdiv class=\\u0022lf-background\\u0022 style=\\u0022background-image: url(\\u0027https:\\\/\\\/www.parislgbt.com\\\/wp-content\\\/uploads\\\/listing-uploads\\\/cover\\\/2026\\\/04\\\/BRUNCH-15-BANNIERE-1-1-768x402.png\\u0027);\\u0022\\u003E\\u003C\\\/div\\u003E \\u003Cdiv class=\\u0022lf-item-info\\u0022\\u003E \\u003Ch4 class=\\u0022case27-primary-text listing-preview-title\\u0022\\u003E Gigi\\u0027s Titi Drag Brunch #15 au Titi Palacio avec Cl\\u00e9mence Tr\\u00fc! \\u003C\\\/h4\\u003E \\u003Cul class=\\u0022lf-contact no-list-style\\u0022\\u003E \\u003C\\\/ul\\u003E \\u003C\\\/div\\u003E \\u003C\\\/a\\u003E \\u003Cdiv class=\\u0022lf-head level-featured\\u0022\\u003E \\u003Cspan class=\\u0022tooltip-element tooltip-bottom\\u0022\\u003E \\u003Cdiv class=\\u0022lf-head-btn ad-badge\\u0022\\u003E \\u003Cspan\\u003E\\u003Ci class=\\u0022icon-flash\\u0022\\u003E\\u003C\\\/i\\u003E\\u003C\\\/span\\u003E \\u003C\\\/div\\u003E \\u003Cspan class=\\u0022tooltip-container\\u0022\\u003EFeatured\\u003C\\\/span\\u003E \\u003C\\\/span\\u003E \\u003Cdiv class=\\u0022lf-head-btn \\u0022 \\u003E 3 May \\u003C\\\/div\\u003E \\u003C\\\/div\\u003E\\u003C\\\/div\\u003E\\u003C\\\/div\\u003E\\u003C\\\/div\\u003E\\u003Cdiv class=\\u0022col-md-4 col-sm-6 grid-item\\u0022\\u003E\\u003Cdiv class=\\u0022lf-item-container listing-preview type-event no-logo has-tagline has-info-fields level-featured priority-1\\u0022 data-id=\\u0022listing-id-42708\\u0022 data-category-icon=\\u0022\\u0022 data-category-color=\\u0022\\u0022 data-category-text-color=\\u0022\\u0022 data-thumbnail=\\u0022https:\\\/\\\/www.parislgbt.com\\\/wp-content\\\/themes\\\/my-listing\\\/assets\\\/images\\\/marker.jpg\\u0022 data-marker=\\u0022https:\\\/\\\/www.parislgbt.com\\\/wp-content\\\/themes\\\/my-listing\\\/assets\\\/images\\\/marker.jpg\\u0022 data-template=\\u0022default\\u0022 data-locations=\\u0022false\\u0022\\n\\u003E\\u003Cdiv class=\\u0022lf-item lf-item-default\\u0022 data-template=\\u0022default\\u0022\\u003E \\u003Ca href=\\u0022https:\\\/\\\/www.parislgbt.com\\\/listing\\\/discoquette-freaks-fest-lynks-live-michelle-manetti-more\\\/\\u0022\\u003E \\u003Cdiv class=\\u0022overlay\\u0022 style=\\u0022 background-color: #0b0033; opacity: 0.4;\\n\\u0022\\u003E\\u003C\\\/div\\u003E \\u003Cdiv class=\\u0022lf-background\\u0022 style=\\u0022background-image: url(\\u0027https:\\\/\\\/www.parislgbt.com\\\/wp-content\\\/uploads\\\/listing-uploads\\\/cover\\\/2026\\\/04\\\/Cover_FB-768x402.jpg\\u0027);\\u0022\\u003E\\u003C\\\/div\\u003E \\u003Cdiv class=\\u0022lf-item-info\\u0022\\u003E \\u003Ch4 class=\\u0022case27-primary-text listing-preview-title\\u0022\\u003E Discoquette Freaks Fest: Lynks Live, Michelle Manetti \\u0026amp; More \\u003C\\\/h4\\u003E \\u003Cul class=\\u0022lf-contact no-list-style\\u0022\\u003E \\u003C\\\/ul\\u003E \\u003C\\\/div\\u003E \\u003C\\\/a\\u003E \\u003Cdiv class=\\u0022lf-head level-featured\\u0022\\u003E \\u003Cspan class=\\u0022tooltip-element tooltip-bottom\\u0022\\u003E \\u003Cdiv class=\\u0022lf-head-btn ad-badge\\u0022\\u003E \\u003Cspan\\u003E\\u003Ci class=\\u0022icon-flash\\u0022\\u003E\\u003C\\\/i\\u003E\\u003C\\\/span\\u003E \\u003C\\\/div\\u003E \\u003Cspan class=\\u0022tooltip-container\\u0022\\u003EFeatured\\u003C\\\/span\\u003E \\u003C\\\/span\\u003E \\u003Cdiv class=\\u0022lf-head-btn \\u0022 \\u003E 9 May - 10 May \\u003C\\\/div\\u003E \\u003C\\\/div\\u003E\\u003C\\\/div\\u003E\\u003C\\\/div\\u003E\\u003C\\\/div\\u003E\\u003Cdiv class=\\u0022col-md-4 col-sm-6 grid-item\\u0022\\u003E\\u003Cdiv class=\\u0022lf-item-container listing-preview type-event no-logo has-tagline has-info-fields level-featured priority-1\\u0022 data-id=\\u0022listing-id-42016\\u0022 data-category-icon=\\u0022\\u0022 data-category-color=\\u0022\\u0022 data-category-text-color=\\u0022\\u0022 data-thumbnail=\\u0022https:\\\/\\\/www.parislgbt.com\\\/wp-content\\\/themes\\\/my-listing\\\/assets\\\/images\\\/marker.jpg\\u0022 data-marker=\\u0022https:\\\/\\\/www.parislgbt.com\\\/wp-content\\\/themes\\\/my-listing\\\/assets\\\/images\\\/marker.jpg\\u0022 data-template=\\u0022default\\u0022 data-locations=\\u0022[{\\u0026quot;address\\u0026quot;:\\u0026quot;200 Quai de Valmy, 75010 Paris, France\\u0026quot;,\\u0026quot;lat\\u0026quot;:\\u0026quot;48.88146\\u0026quot;,\\u0026quot;lng\\u0026quot;:\\u0026quot;2.36854\\u0026quot;}]\\u0022\\n\\u003E\\u003Cdiv class=\\u0022lf-item lf-item-default\\u0022 data-template=\\u0022default\\u0022\\u003E \\u003Ca href=\\u0022https:\\\/\\\/www.parislgbt.com\\\/listing\\\/attention-a-la-drag-9\\\/\\u0022\\u003E \\u003Cdiv class=\\u0022overlay\\u0022 style=\\u0022 background-color: #0b0033; opacity: 0.4;\\n\\u0022\\u003E\\u003C\\\/div\\u003E \\u003Cdiv class=\\u0022lf-background\\u0022 style=\\u0022background-image: url(\\u0027https:\\\/\\\/www.parislgbt.com\\\/wp-content\\\/uploads\\\/listing-uploads\\\/cover\\\/2026\\\/03\\\/AALD-9-Horizontal-768x432.jpg\\u0027);\\u0022\\u003E\\u003C\\\/div\\u003E \\u003Cdiv class=\\u0022lf-item-info\\u0022\\u003E \\u003Ch4 class=\\u0022case27-primary-text listing-preview-title\\u0022\\u003E Attention \\u00e0 la Drag #9 \\u003C\\\/h4\\u003E \\u003Cul class=\\u0022lf-contact no-list-style\\u0022\\u003E \\u003Cli \\u003E Point \\u00c9ph\\u00e9m\\u00e8re \\u003C\\\/li\\u003E \\u003C\\\/ul\\u003E \\u003C\\\/div\\u003E \\u003C\\\/a\\u003E \\u003Cdiv class=\\u0022lf-head level-featured\\u0022\\u003E \\u003Cspan class=\\u0022tooltip-element tooltip-bottom\\u0022\\u003E \\u003Cdiv class=\\u0022lf-head-btn ad-badge\\u0022\\u003E \\u003Cspan\\u003E\\u003Ci class=\\u0022icon-flash\\u0022\\u003E\\u003C\\\/i\\u003E\\u003C\\\/span\\u003E \\u003C\\\/div\\u003E \\u003Cspan class=\\u0022tooltip-container\\u0022\\u003EFeatured\\u003C\\\/span\\u003E \\u003C\\\/span\\u003E \\u003Cdiv class=\\u0022lf-head-btn \\u0022 \\u003E 13 May \\u003C\\\/div\\u003E \\u003C\\\/div\\u003E\\u003C\\\/div\\u003E\\u003C\\\/div\\u003E\\u003C\\\/div\\u003E\\u003Cdiv class=\\u0022col-md-4 col-sm-6 grid-item\\u0022\\u003E\\u003Cdiv class=\\u0022lf-item-container listing-preview type-event no-logo has-tagline has-info-fields level-featured priority-1\\u0022 data-id=\\u0022listing-id-42924\\u0022 data-category-icon=\\u0022\\u0022 data-category-color=\\u0022\\u0022 data-category-text-color=\\u0022\\u0022 data-thumbnail=\\u0022https:\\\/\\\/www.parislgbt.com\\\/wp-content\\\/themes\\\/my-listing\\\/assets\\\/images\\\/marker.jpg\\u0022 data-marker=\\u0022https:\\\/\\\/www.parislgbt.com\\\/wp-content\\\/themes\\\/my-listing\\\/assets\\\/images\\\/marker.jpg\\u0022 data-template=\\u0022default\\u0022 data-locations=\\u0022[{\\u0026quot;address\\u0026quot;:\\u0026quot;69 Port de la Rap\\\\u00e9e, 75012 Paris, France\\u0026quot;,\\u0026quot;lat\\u0026quot;:\\u0026quot;48.84326\\u0026quot;,\\u0026quot;lng\\u0026quot;:\\u0026quot;2.36937\\u0026quot;}]\\u0022\\n\\u003E\\u003Cdiv class=\\u0022lf-item lf-item-default\\u0022 data-template=\\u0022default\\u0022\\u003E \\u003Ca href=\\u0022https:\\\/\\\/www.parislgbt.com\\\/listing\\\/copain-copine-la-boum-queer-allie-e-s-%f0%9f%8c%9e-4\\\/\\u0022\\u003E \\u003Cdiv class=\\u0022overlay\\u0022 style=\\u0022 background-color: #0b0033; opacity: 0.4;\\n\\u0022\\u003E\\u003C\\\/div\\u003E \\u003Cdiv class=\\u0022lf-background\\u0022 style=\\u0022background-image: url(\\u0027https:\\\/\\\/www.parislgbt.com\\\/wp-content\\\/uploads\\\/listing-uploads\\\/cover\\\/2026\\\/04\\\/SHOTGUN-2-768x432.png\\u0027);\\u0022\\u003E\\u003C\\\/div\\u003E \\u003Cdiv class=\\u0022lf-item-info\\u0022\\u003E \\u003Ch4 class=\\u0022case27-primary-text listing-preview-title\\u0022\\u003E Copain-Copine - La boum queer \\u0026amp; alli\\u00e9.e.s ! \\ud83c\\udf1e \\u003C\\\/h4\\u003E \\u003Cul class=\\u0022lf-contact no-list-style\\u0022\\u003E \\u003Cli \\u003E Mazette \\u003C\\\/li\\u003E \\u003C\\\/ul\\u003E \\u003C\\\/div\\u003E \\u003C\\\/a\\u003E \\u003Cdiv class=\\u0022lf-head level-featured\\u0022\\u003E \\u003Cspan class=\\u0022tooltip-element tooltip-bottom\\u0022\\u003E \\u003Cdiv class=\\u0022lf-head-btn ad-badge\\u0022\\u003E \\u003Cspan\\u003E\\u003Ci class=\\u0022icon-flash\\u0022\\u003E\\u003C\\\/i\\u003E\\u003C\\\/span\\u003E \\u003C\\\/div\\u003E \\u003Cspan class=\\u0022tooltip-container\\u0022\\u003EFeatured\\u003C\\\/span\\u003E \\u003C\\\/span\\u003E \\u003Cdiv class=\\u0022lf-head-btn \\u0022 \\u003E 24 May \\u003C\\\/div\\u003E \\u003C\\\/div\\u003E\\u003C\\\/div\\u003E\\u003C\\\/div\\u003E\\u003C\\\/div\\u003E\\u003Cdiv class=\\u0022col-md-4 col-sm-6 grid-item\\u0022\\u003E\\u003Cdiv class=\\u0022lf-item-container listing-preview type-event no-logo has-tagline has-info-fields level-featured priority-1\\u0022 data-id=\\u0022listing-id-41981\\u0022 data-category-icon=\\u0022\\u0022 data-category-color=\\u0022\\u0022 data-category-text-color=\\u0022\\u0022 data-thumbnail=\\u0022https:\\\/\\\/www.parislgbt.com\\\/wp-content\\\/themes\\\/my-listing\\\/assets\\\/images\\\/marker.jpg\\u0022 data-marker=\\u0022https:\\\/\\\/www.parislgbt.com\\\/wp-content\\\/themes\\\/my-listing\\\/assets\\\/images\\\/marker.jpg\\u0022 data-template=\\u0022default\\u0022 data-locations=\\u0022[{\\u0026quot;address\\u0026quot;:\\u0026quot;7 Rue des Fusill\\\\u00e9s, 94400 Vitry-sur-Seine, France\\u0026quot;,\\u0026quot;lat\\u0026quot;:\\u0026quot;48.78762\\u0026quot;,\\u0026quot;lng\\u0026quot;:\\u0026quot;2.41619\\u0026quot;}]\\u0022\\n\\u003E\\u003Cdiv class=\\u0022lf-item lf-item-default\\u0022 data-template=\\u0022default\\u0022\\u003E \\u003Ca href=\\u0022https:\\\/\\\/www.parislgbt.com\\\/listing\\\/paris-queer-festival-2026\\\/\\u0022\\u003E \\u003Cdiv class=\\u0022overlay\\u0022 style=\\u0022 background-color: #0b0033; opacity: 0.4;\\n\\u0022\\u003E\\u003C\\\/div\\u003E \\u003Cdiv class=\\u0022lf-background\\u0022 style=\\u0022background-image: url(\\u0027https:\\\/\\\/www.parislgbt.com\\\/wp-content\\\/uploads\\\/2026\\\/03\\\/41953_image_619278909_897523092791538_2201792016224892988_n-1-1-768x432.jpg\\u0027);\\u0022\\u003E\\u003C\\\/div\\u003E \\u003Cdiv class=\\u0022lf-item-info\\u0022\\u003E \\u003Ch4 class=\\u0022case27-primary-text listing-preview-title\\u0022\\u003E Paris Queer Festival 2026 \\u003C\\\/h4\\u003E \\u003Cul class=\\u0022lf-contact no-list-style\\u0022\\u003E \\u003Cli \\u003E Le Kilowatt \\u003C\\\/li\\u003E \\u003C\\\/ul\\u003E \\u003C\\\/div\\u003E \\u003C\\\/a\\u003E \\u003Cdiv class=\\u0022lf-head level-featured\\u0022\\u003E \\u003Cspan class=\\u0022tooltip-element tooltip-bottom\\u0022\\u003E \\u003Cdiv class=\\u0022lf-head-btn ad-badge\\u0022\\u003E \\u003Cspan\\u003E\\u003Ci class=\\u0022icon-flash\\u0022\\u003E\\u003C\\\/i\\u003E\\u003C\\\/span\\u003E \\u003C\\\/div\\u003E \\u003Cspan class=\\u0022tooltip-container\\u0022\\u003EFeatured\\u003C\\\/span\\u003E \\u003C\\\/span\\u003E \\u003Cdiv class=\\u0022lf-head-btn \\u0022 \\u003E 30 May - 31 May \\u003C\\\/div\\u003E \\u003C\\\/div\\u003E\\u003C\\\/div\\u003E\\u003C\\\/div\\u003E\\u003C\\\/div\\u003E\\u003Cdiv class=\\u0022col-md-4 col-sm-6 grid-item\\u0022\\u003E\\u003Cdiv class=\\u0022lf-item-container listing-preview type-event no-logo has-tagline has-info-fields level-featured priority-1\\u0022 data-id=\\u0022listing-id-38720\\u0022 data-category-icon=\\u0022\\u0022 data-category-color=\\u0022\\u0022 data-category-text-color=\\u0022\\u0022 data-thumbnail=\\u0022https:\\\/\\\/www.parislgbt.com\\\/wp-content\\\/themes\\\/my-listing\\\/assets\\\/images\\\/marker.jpg\\u0022 data-marker=\\u0022https:\\\/\\\/www.parislgbt.com\\\/wp-content\\\/themes\\\/my-listing\\\/assets\\\/images\\\/marker.jpg\\u0022 data-template=\\u0022default\\u0022 data-locations=\\u0022[{\\u0026quot;address\\u0026quot;:\\u0026quot;Paris, \\\\u00cele-de-France, France\\u0026quot;,\\u0026quot;lat\\u0026quot;:\\u0026quot;48.85471\\u0026quot;,\\u0026quot;lng\\u0026quot;:\\u0026quot;2.38233\\u0026quot;}]\\u0022\\n\\u003E\\u003Cdiv class=\\u0022lf-item lf-item-default\\u0022 data-template=\\u0022default\\u0022\\u003E \\u003Ca href=\\u0022https:\\\/\\\/www.parislgbt.com\\\/listing\\\/bingo-drag-avec-janine-tendo-et-toni-truande-au-merci%c2%b7marsha\\\/\\u0022\\u003E \\u003Cdiv class=\\u0022overlay\\u0022 style=\\u0022 background-color: #0b0033; opacity: 0.4;\\n\\u0022\\u003E\\u003C\\\/div\\u003E \\u003Cdiv class=\\u0022lf-background\\u0022 style=\\u0022background-image: url(\\u0027https:\\\/\\\/www.parislgbt.com\\\/wp-content\\\/uploads\\\/listing-uploads\\\/cover\\\/2026\\\/04\\\/BANNIERES-COM-LARGES1-768x265.jpg\\u0027);\\u0022\\u003E\\u003C\\\/div\\u003E \\u003Cdiv class=\\u0022lf-item-info\\u0022\\u003E \\u003Ch4 class=\\u0022case27-primary-text listing-preview-title\\u0022\\u003E BINGO DRAG ! Avec Janine Tendo et Toni Truande au Merci\\u00b7Marsha ! \\u003C\\\/h4\\u003E \\u003Cul class=\\u0022lf-contact no-list-style\\u0022\\u003E \\u003C\\\/ul\\u003E \\u003C\\\/div\\u003E \\u003C\\\/a\\u003E \\u003Cdiv class=\\u0022lf-head level-featured\\u0022\\u003E \\u003Cspan class=\\u0022tooltip-element tooltip-bottom\\u0022\\u003E \\u003Cdiv class=\\u0022lf-head-btn ad-badge\\u0022\\u003E \\u003Cspan\\u003E\\u003Ci class=\\u0022icon-flash\\u0022\\u003E\\u003C\\\/i\\u003E\\u003C\\\/span\\u003E \\u003C\\\/div\\u003E \\u003Cspan class=\\u0022tooltip-container\\u0022\\u003EFeatured\\u003C\\\/span\\u003E \\u003C\\\/span\\u003E \\u003Cdiv class=\\u0022lf-head-btn \\u0022 \\u003E 30 May \\u003C\\\/div\\u003E \\u003C\\\/div\\u003E\\u003C\\\/div\\u003E\\u003C\\\/div\\u003E\\u003C\\\/div\\u003E\\u003Cdiv class=\\u0022col-md-4 col-sm-6 grid-item\\u0022\\u003E\\u003Cdiv class=\\u0022lf-item-container listing-preview type-event no-logo has-tagline has-info-fields level-normal priority-0\\u0022 data-id=\\u0022listing-id-40407\\u0022 data-category-icon=\\u0022\\u0022 data-category-color=\\u0022\\u0022 data-category-text-color=\\u0022\\u0022 data-thumbnail=\\u0022https:\\\/\\\/www.parislgbt.com\\\/wp-content\\\/themes\\\/my-listing\\\/assets\\\/images\\\/marker.jpg\\u0022 data-marker=\\u0022https:\\\/\\\/www.parislgbt.com\\\/wp-content\\\/themes\\\/my-listing\\\/assets\\\/images\\\/marker.jpg\\u0022 data-template=\\u0022default\\u0022 data-locations=\\u0022false\\u0022\\n\\u003E\\u003Cdiv class=\\u0022lf-item lf-item-default\\u0022 data-template=\\u0022default\\u0022\\u003E \\u003Ca href=\\u0022https:\\\/\\\/www.parislgbt.com\\\/listing\\\/parution-bd-pma-pour-toutes-dar-a-luz-vers-la-maternite-contre-vents-et-marees-2\\\/\\u0022\\u003E \\u003Cdiv class=\\u0022overlay\\u0022 style=\\u0022 background-color: #0b0033; opacity: 0.4;\\n\\u0022\\u003E\\u003C\\\/div\\u003E \\u003Cdiv class=\\u0022lf-background\\u0022 style=\\u0022background-image: url(\\u0027https:\\\/\\\/www.parislgbt.com\\\/wp-content\\\/uploads\\\/listing-uploads\\\/cover\\\/2026\\\/01\\\/Dar-A-Luz-Chloe-Roy-Regis-Traen-1.png\\u0027);\\u0022\\u003E\\u003C\\\/div\\u003E \\u003Cdiv class=\\u0022lf-item-info\\u0022\\u003E \\u003Ch4 class=\\u0022case27-primary-text listing-preview-title\\u0022\\u003E Parution BD #PMA pour toutes : DAR A LUZ, Vers la maternit\\u00e9, contre vents et mar\\u00e9es \\u003C\\\/h4\\u003E \\u003Cul class=\\u0022lf-contact no-list-style\\u0022\\u003E \\u003C\\\/ul\\u003E \\u003C\\\/div\\u003E \\u003C\\\/a\\u003E \\u003Cdiv class=\\u0022lf-head level-normal\\u0022\\u003E \\u003Cdiv class=\\u0022lf-head-btn \\u0022 \\u003E 23 Jan - 23 Feb \\u003C\\\/div\\u003E \\u003C\\\/div\\u003E\\u003C\\\/div\\u003E\\u003C\\\/div\\u003E\\u003C\\\/div\\u003E\\u003Cdiv class=\\u0022col-md-4 col-sm-6 grid-item\\u0022\\u003E\\u003Cdiv class=\\u0022lf-item-container listing-preview type-event no-logo has-tagline has-info-fields level-normal priority-0\\u0022 data-id=\\u0022listing-id-41878\\u0022 data-category-icon=\\u0022\\u0022 data-category-color=\\u0022\\u0022 data-category-text-color=\\u0022\\u0022 data-thumbnail=\\u0022https:\\\/\\\/www.parislgbt.com\\\/wp-content\\\/themes\\\/my-listing\\\/assets\\\/images\\\/marker.jpg\\u0022 data-marker=\\u0022https:\\\/\\\/www.parislgbt.com\\\/wp-content\\\/themes\\\/my-listing\\\/assets\\\/images\\\/marker.jpg\\u0022 data-template=\\u0022default\\u0022 data-locations=\\u0022[{\\u0026quot;address\\u0026quot;:\\u0026quot;5 Rue Curial, 75019 Paris, France\\u0026quot;,\\u0026quot;lat\\u0026quot;:\\u0026quot;48.89009\\u0026quot;,\\u0026quot;lng\\u0026quot;:\\u0026quot;2.37155\\u0026quot;}]\\u0022\\n\\u003E\\u003Cdiv class=\\u0022lf-item lf-item-default\\u0022 data-template=\\u0022default\\u0022\\u003E \\u003Ca href=\\u0022https:\\\/\\\/www.parislgbt.com\\\/listing\\\/circulations-2026-festival-de-la-jeune-photographie-europeenne\\\/\\u0022\\u003E \\u003Cdiv class=\\u0022overlay\\u0022 style=\\u0022 background-color: #0b0033; opacity: 0.4;\\n\\u0022\\u003E\\u003C\\\/div\\u003E \\u003Cdiv class=\\u0022lf-background\\u0022 style=\\u0022background-image: url(\\u0027https:\\\/\\\/www.parislgbt.com\\\/wp-content\\\/uploads\\\/listing-uploads\\\/cover\\\/2026\\\/03\\\/c0100313831787-cr1380720-q85-39c92d-768x401.jpg\\u0027);\\u0022\\u003E\\u003C\\\/div\\u003E \\u003Cdiv class=\\u0022lf-item-info\\u0022\\u003E \\u003Ch4 class=\\u0022case27-primary-text listing-preview-title\\u0022\\u003E Circulation(s) 2026 - Festival de la jeune photographie europ\\u00e9enne \\u003C\\\/h4\\u003E \\u003Cul class=\\u0022lf-contact no-list-style\\u0022\\u003E \\u003Cli \\u003E Centquatre-Paris \\u003C\\\/li\\u003E \\u003C\\\/ul\\u003E \\u003C\\\/div\\u003E \\u003C\\\/a\\u003E \\u003Cdiv class=\\u0022lf-head level-normal\\u0022\\u003E \\u003Cdiv class=\\u0022lf-head-btn \\u0022 \\u003E 21 Mar - 17 May \\u003C\\\/div\\u003E \\u003C\\\/div\\u003E\\u003C\\\/div\\u003E\\u003C\\\/div\\u003E\\u003C\\\/div\\u003E\\u003Cdiv class=\\u0022col-md-4 col-sm-6 grid-item\\u0022\\u003E\\u003Cdiv class=\\u0022lf-item-container listing-preview type-event no-logo has-tagline has-info-fields level-normal priority-0\\u0022 data-id=\\u0022listing-id-42206\\u0022 data-category-icon=\\u0022\\u0022 data-category-color=\\u0022\\u0022 data-category-text-color=\\u0022\\u0022 data-thumbnail=\\u0022https:\\\/\\\/www.parislgbt.com\\\/wp-content\\\/themes\\\/my-listing\\\/assets\\\/images\\\/marker.jpg\\u0022 data-marker=\\u0022https:\\\/\\\/www.parislgbt.com\\\/wp-content\\\/themes\\\/my-listing\\\/assets\\\/images\\\/marker.jpg\\u0022 data-template=\\u0022default\\u0022 data-locations=\\u0022[{\\u0026quot;address\\u0026quot;:\\u0026quot;23 Rue Michel le Comte, 75003 Paris, France\\u0026quot;,\\u0026quot;lat\\u0026quot;:\\u0026quot;48.86242\\u0026quot;,\\u0026quot;lng\\u0026quot;:\\u0026quot;2.35528\\u0026quot;}]\\u0022\\n\\u003E\\u003Cdiv class=\\u0022lf-item lf-item-default\\u0022 data-template=\\u0022default\\u0022\\u003E \\u003Ca href=\\u0022https:\\\/\\\/www.parislgbt.com\\\/listing\\\/exposition-jean-marie-caddeo-inventaire\\\/\\u0022\\u003E \\u003Cdiv class=\\u0022overlay\\u0022 style=\\u0022 background-color: #0b0033; opacity: 0.4;\\n\\u0022\\u003E\\u003C\\\/div\\u003E \\u003Cdiv class=\\u0022lf-background\\u0022 style=\\u0022background-image: url(\\u0027https:\\\/\\\/www.parislgbt.com\\\/wp-content\\\/uploads\\\/listing-uploads\\\/cover\\\/2026\\\/03\\\/flyer_inventaire_800-768x576.png\\u0027);\\u0022\\u003E\\u003C\\\/div\\u003E \\u003Cdiv class=\\u0022lf-item-info\\u0022\\u003E \\u003Ch4 class=\\u0022case27-primary-text listing-preview-title\\u0022\\u003E Exposition Jean-Marie Caddeo \\\/ \\u0022Inventaire\\u0022 \\u003C\\\/h4\\u003E \\u003Cul class=\\u0022lf-contact no-list-style\\u0022\\u003E \\u003Cli \\u003E Le Duplex bar \\u003C\\\/li\\u003E \\u003C\\\/ul\\u003E \\u003C\\\/div\\u003E \\u003C\\\/a\\u003E \\u003Cdiv class=\\u0022lf-head level-normal\\u0022\\u003E \\u003Cdiv class=\\u0022lf-head-btn \\u0022 \\u003E 1 Apr - 3 May \\u003C\\\/div\\u003E \\u003C\\\/div\\u003E\\u003C\\\/div\\u003E\\u003C\\\/div\\u003E\\u003C\\\/div\\u003E\",\"pagination\":\"\\u003Cnav class=\\u0022job-manager-pagination\\u0022\\u003E\\u003Cul class=\\u0022no-list-style\\u0022\\u003E\\u003Cli\\u003E\\u003Cspan class=\\u0022current\\u0022 data-page=\\u00221\\u0022\\u003E1\\u003C\\\/span\\u003E\\u003C\\\/li\\u003E\\u003Cli\\u003E\\u003Ca href=\\u0022https:\\\/\\\/www.parislgbt.com\\\/en\\\/wp-json\\\/wp\\\/v2\\\/pages\\\/458?pg=page\\u0022 data-page=\\u00222\\u0022\\u003E2\\u003C\\\/a\\u003E\\u003C\\\/li\\u003E\\u003Cli\\u003E\\u003Ca href=\\u0022https:\\\/\\\/www.parislgbt.com\\\/en\\\/wp-json\\\/wp\\\/v2\\\/pages\\\/458?pg=page\\u0022 data-page=\\u00223\\u0022\\u003E3\\u003C\\\/a\\u003E\\u003C\\\/li\\u003E\\u003Cli\\u003E\\u003Ca href=\\u0022https:\\\/\\\/www.parislgbt.com\\\/en\\\/wp-json\\\/wp\\\/v2\\\/pages\\\/458?pg=page\\u0022 data-page=\\u00224\\u0022\\u003E4\\u003C\\\/a\\u003E\\u003C\\\/li\\u003E\\u003Cli\\u003E\\u003Ca href=\\u0022https:\\\/\\\/www.parislgbt.com\\\/en\\\/wp-json\\\/wp\\\/v2\\\/pages\\\/458?pg=page\\u0022 data-page=\\u00225\\u0022\\u003E5\\u003C\\\/a\\u003E\\u003C\\\/li\\u003E\\u003Cli\\u003E\\u003Ca href=\\u0022https:\\\/\\\/www.parislgbt.com\\\/en\\\/wp-json\\\/wp\\\/v2\\\/pages\\\/458?pg=page\\u0022 data-page=\\u00226\\u0022\\u003E6\\u003C\\\/a\\u003E\\u003C\\\/li\\u003E\\u003Cli\\u003E\\u003Ca href=\\u0022https:\\\/\\\/www.parislgbt.com\\\/en\\\/wp-json\\\/wp\\\/v2\\\/pages\\\/458?pg=page\\u0022 rel=\\u0022next\\u0022 data-page=\\u00222\\u0022\\u003E\\u0026rarr;\\u003C\\\/a\\u003E\\u003C\\\/li\\u003E\\u003C\\\/ul\\u003E\\u003C\\\/nav\\u003E\",\"found_posts\":116,\"showing\":\"Showing \\u003Cb\\u003E1-20\\u003C\\\/b\\u003E out of \\u003Cb\\u003E116\\u003C\\\/b\\u003E results\",\"max_num_pages\":6,\"posts_per_page\":20}}},\"ExplorePage\":null,\"ActiveListingType\":\"event\",\"TermCache\":{},\"Cache\":{},\"ScrollPosition\":0,\"Template\":\"explore-no-map\",\"Pagination\":\"pages\",\"InfiniteScroll\":false,\"FirstLoadMethod\":\"server\",\"DisplayAd\":false,\"AdPublisherID\":\"ca-pub-1335980069767654\",\"AdSlotID\":\"7911310921\",\"AdInterval\":60}<\/script>\r\n\r\n\t<div id=\"c27-explore-listings\" :class=\"['mobile-tab-'+state.mobileTab]\" class=\"no-map-tmpl cts-explore explore-types-topbar\">\r\n\t\t\t<div data-template=\"explore-no-map\" data-mobile-view=\"results\"  v-cloak class=\"ssr-loading\"><\/div>\r\n\t\t\t\t\t\r\n\t\r\n\t<div class=\"mobile-explore-head-top\" v-if=\"activeType.id===111 && state.mobileTab!=='filters'\">\r\n\t\t<div v-if=\"currentTax\" class=\"primary-category\">\r\n\t\t\t<span class=\"cat-icon\" :style=\"'background-color:'+(currentTax.activeTerm?currentTax.activeTerm.color:'#fff')\"\r\n\t\t\t\tv-html=\"currentTax.activeTerm.single_icon\"><\/span>\r\n\t\t\t<div v-html=\"currentTermName\"><\/div>\r\n\t\t<\/div>\r\n\t\t<template v-else>\r\n\t\t\t\t\t\t\t\r\n<wp-search-filter\r\n    listing-type=\"event\"\r\n    filter-key=\"search_keywords\"\r\n    location=\"primary-filter\"\r\n    label=\"Que cherchez-vous ?\"\r\n    @input=\"getListings( &#039;primary-filter:wp-search&#039;, true )\"\r\n    inline-template\r\n>\r\n    <div v-if=\"location === 'primary-filter'\" class=\"explore-head-search\">\r\n        <i class=\"mi search\"><\/i>\r\n        <input required ref=\"input\" type=\"text\" :placeholder=\"label\"\r\n            :value=\"filters[filterKey]\" @input=\"updateInput\">\r\n    <\/div>\r\n    <div v-else class=\"form-group explore-filter wp-search-filter md-group\">\r\n        <input :aria-label=\"label\" required ref=\"input\" type=\"text\"\r\n            :value=\"filters[filterKey]\" @input=\"updateInput\">\r\n        <label>{{label}}<\/label>\r\n    <\/div>\r\n<\/wp-search-filter>\r\n\t\t\t\t\t<\/template>\r\n\r\n\t\t<div class=\"explore-head-top-filters\">\r\n\t\t\t<a v-if=\"template==='explore-no-map' && !isMobile\" href=\"#\"\r\n\t\t\t\t@click.prevent=\"this.jQuery('.fc-type-2').toggleClass('fc-type-2-open')\">\r\n\t\t\t\tFilters\t\t\t\t<i class=\"icon-settings-1\"><\/i>\r\n\t\t\t<\/a>\r\n\t\t\t<a v-else href=\"#\" @click.prevent=\"state.mobileTab = 'filters'\">\r\n\t\t\t\tFilters\t\t\t\t<i class=\"icon-settings-1\"><\/i>\r\n\t\t\t<\/a>\r\n\t\t<\/div>\r\n\t<\/div>\r\n\r\n\t<div class=\"finder-container fc-type-2\">\r\n\r\n\t\t<div class=\"finder-search collapse min-scroll\" id=\"finderSearch\" :class=\"( state.mobileTab === 'filters' ? '' : 'visible-lg' )\">\r\n\t\t\t<div class=\"finder-tabs-wrapper\">\r\n\t\t\t\t\r\n\r\n<div class=\"finder-tabs col-md-12 without-listing-types\">\r\n\r\n\t\r\n\t\t<ul class=\"no-list-style sidebar-tabs tab-count-2\" role=\"tablist\" v-show=\"activeType.slug === 'event'\">\r\n\t\t\t\t\t\t\t<li role=\"presentation\" :class=\"activeType.tab == 'search-form' ? 'active' : ''\">\r\n\t\t\t\t\t<a href=\"#search-form\" role=\"tab\" class=\"tab-switch\" @click=\"activeType.tab = &#039;search-form&#039;; _getListings();\">\r\n\t\t\t\t\t\t<!-- <i class=\"mi filter_list\"><\/i> -->Filters\t\t\t\t\t<\/a>\r\n\t\t\t\t<\/li>\r\n\r\n\t\t\t\t\t\t\t<li role=\"presentation\" :class=\"activeType.tab == 'events-venue' ? 'active' : ''\">\r\n\t\t\t\t\t<a href=\"#events-venue\" role=\"tab\" class=\"tab-switch\" @click=\"termsExplore(&#039;events-venue&#039;, &#039;active&#039; )\">\r\n\t\t\t\t\t\t<!-- <i class=\"mi bookmark_border\"><\/i> -->Etablissements\t\t\t\t\t<\/a>\r\n\t\t\t\t<\/li>\r\n\r\n\t\t\t\t\t<\/ul>\r\n\t\t\r\n\t\t\t<div class=\"tab-content tab-count-2\" v-show=\"activeType.slug === 'event'\">\r\n\r\n\t\t\t<div id=\"search-form\" class=\"listing-type-filters search-tab tab-pane fade\" :class=\"activeType.tab == 'search-form' ? 'in active' : ''\">\r\n\t\t\t\t<div class=\"search-filters type-event type-id-111\">\r\n\t\t\t\t\t<div class=\"light-forms filter-wrapper\">\r\n\r\n\t\t\t\t\t\t\r\n<recurring-date-filter\r\n\tlisting-type=\"event\"\r\n    filter-key=\"evnement-rcurrent\"\r\n    location=\"advanced-form\"\r\n    label=\"Recurring Date\"\r\n\t:presets=\"[{&quot;key&quot;:&quot;all&quot;,&quot;label&quot;:&quot;Tous les jours&quot;},{&quot;key&quot;:&quot;today&quot;,&quot;label&quot;:&quot;Aujourd&#039;hui&quot;},{&quot;key&quot;:&quot;this-week&quot;,&quot;label&quot;:&quot;Cette semaine&quot;},{&quot;key&quot;:&quot;this-weekend&quot;,&quot;label&quot;:&quot;Ce weekend&quot;},{&quot;key&quot;:&quot;next-week&quot;,&quot;label&quot;:&quot;Semaine prochaine&quot;}]\"\r\n\t:enable-datepicker=\"true\"\r\n\t:enable-timepicker=\"false\"\r\n    :l10n=\"{&quot;pick&quot;:&quot;Pick a date&quot;,&quot;from&quot;:&quot;From...&quot;,&quot;to&quot;:&quot;To...&quot;}\"\r\n    @input=\"filterChanged\"\r\n\tinline-template\r\n>\r\n    <div v-if=\"location==='advanced-form'\" class=\"form-group explore-filter recur-filter\">\r\n        <label>{{label}}<\/label>\r\n\r\n        <div class=\"range-list\" v-if=\"presets.length\">\r\n            <a v-for=\"range in presets\" href=\"#\" :class=\"range.key===selected?'active':''\"\r\n                class=\"single-range\" @click.prevent=\"setPreset(range.key)\">\r\n                {{ range.label }}\r\n            <\/a>\r\n            <a v-if=\"enableDatepicker\" href=\"#\" class=\"single-range custom-date\"\r\n                :class=\"selected==='@custom'?'active':''\" @click.prevent=\"selected='@custom'\">\r\n                {{l10n.pick}}\r\n            <\/a>\r\n        <\/div>\r\n\r\n        <div class=\"double-input datepicker-form-group date-filter\" :class=\"selected!=='@custom'?'hide':''\">\r\n            <div class=\"datepicker-wrapper\" :class=\"startDate?'active':''\">\r\n                <input type=\"text\" class=\"start-picker\" :placeholder=\"l10n.from\" :value=\"startDate\"\r\n                    ref=\"start\" @datepicker:change=\"startDate=$event.detail.value; updateInput();\">\r\n            <\/div>\r\n            <div class=\"datepicker-wrapper\" :class=\"{active: endDate, disabled: !startDate}\">\r\n                <input type=\"text\" class=\"end-picker\" :placeholder=\"l10n.to\" :value=\"endDate\"\r\n                    ref=\"end\" @datepicker:change=\"endDate=$event.detail.value; updateInput();\">\r\n            <\/div>\r\n        <\/div>\r\n    <\/div>\r\n    <div v-else class=\"form-group explore-filter\">\r\n    \t<label>\r\n    \t\t<span @click.prevent=\"selected = ''\" v-if=\"selected==='@custom' && presets.length\" class=\"show-ranges\">\r\n    \t\t\t<i class=\"mi keyboard_backspace\"><\/i>\r\n    \t\t\t{{label}}\r\n    \t\t<\/span>\r\n    \t\t<span v-else>{{label}}<\/span>\r\n    \t<\/label>\r\n\r\n        <div v-show=\"presets.length && selected!=='@custom'\">\r\n            <select ref=\"select\" required :value=\"selected\" @select:change=\"setPreset($event.detail.value)\">\r\n                <option v-for=\"range in presets\" :value=\"range.key\">{{range.label}}<\/option>\r\n                <option v-if=\"enableDatepicker\" value=\"@custom\">{{l10n.pick}}<\/option>\r\n            <\/select>\r\n        <\/div>\r\n\r\n        <div v-show=\"selected==='@custom' || !presets.length\"\r\n            class=\"double-input datepicker-form-group date-filter\">\r\n            <div class=\"datepicker-wrapper\" :class=\"startDate?'active':''\">\r\n                <input type=\"text\" class=\"start-picker\" :placeholder=\"l10n.from\" :value=\"startDate\"\r\n                    ref=\"start\" @datepicker:change=\"startDate=$event.detail.value; updateInput();\">\r\n            <\/div>\r\n            <div class=\"datepicker-wrapper\" :class=\"{active: endDate, disabled: !startDate}\">\r\n                <input type=\"text\" class=\"end-picker\" :placeholder=\"l10n.to\" :value=\"endDate\"\r\n                    ref=\"end\" @datepicker:change=\"endDate=$event.detail.value; updateInput();\">\r\n            <\/div>\r\n        <\/div>\r\n    <\/div>\r\n<\/recurring-date-filter>\r\n\r\n<wp-search-filter\r\n    listing-type=\"event\"\r\n    filter-key=\"search_keywords\"\r\n    location=\"advanced-form\"\r\n    label=\"Que cherchez-vous ?\"\r\n    @input=\"filterChanged\"\r\n    inline-template\r\n>\r\n    <div v-if=\"location === 'primary-filter'\" class=\"explore-head-search\">\r\n        <i class=\"mi search\"><\/i>\r\n        <input required ref=\"input\" type=\"text\" :placeholder=\"label\"\r\n            :value=\"filters[filterKey]\" @input=\"updateInput\">\r\n    <\/div>\r\n    <div v-else class=\"form-group explore-filter wp-search-filter md-group\">\r\n        <input :aria-label=\"label\" required ref=\"input\" type=\"text\"\r\n            :value=\"filters[filterKey]\" @input=\"updateInput\">\r\n        <label>{{label}}<\/label>\r\n    <\/div>\r\n<\/wp-search-filter>\r\n\r\n<dropdown-terms-filter\r\n    listing-type=\"event\"\r\n    filter-key=\"region\"\r\n    location=\"advanced-form\"\r\n    label=\"R\u00e9gion\"\r\n    ajax-params=\"{&quot;taxonomy&quot;:&quot;region&quot;,&quot;listing-type-id&quot;:111,&quot;orderby&quot;:&quot;name&quot;,&quot;order&quot;:&quot;DESC&quot;,&quot;hide_empty&quot;:&quot;yes&quot;,&quot;term-value&quot;:&quot;slug&quot;}\"\r\n    :pre-selected=\"[]\"\r\n    @input=\"filterChanged\"\r\n    inline-template\r\n>\r\n    <div class=\"form-group explore-filter dropdown-filter-multiselect dropdown-filter md-group\">\r\n        <div class=\"main-term\">\r\n            <select required ref=\"select\" multiple=\"multiple\" data-placeholder=\" \"\r\n                data-mylisting-ajax=\"true\"\r\n                data-mylisting-ajax-url=\"mylisting_list_terms\"\r\n                :data-mylisting-ajax-params=\"ajaxParams\"\r\n                @select:change=\"handleChange\"\r\n            >\r\n                <option v-for=\"term in preSelected\" :value=\"term.value\" selected>\r\n                    {{term.label}}\r\n                <\/option>\r\n            <\/select>\r\n            <label>{{label}}<\/label>\r\n        <\/div>\r\n    <\/div>\r\n<\/dropdown-terms-filter>\r\n<order-filter\r\n    listing-type=\"event\"\r\n    filter-key=\"sort\"\r\n    location=\"advanced-form\"\r\n    label=\"Trier par\"\r\n\t:choices=\"[{&quot;key&quot;:&quot;date&quot;,&quot;label&quot;:&quot;Date&quot;,&quot;notes&quot;:[]}]\"\r\n    @input=\"filterChanged\"\r\n\tinline-template\r\n>\r\n    <div v-if=\"location === 'primary-filter'\" class=\"explore-head-search\">\r\n        <i class=\"mi format_list_bulleted\"><\/i>\r\n        <select :value=\"filters[filterKey]\" @select:change=\"updateInput\" ref=\"select\" required>\r\n            <option v-for=\"choice in choices\" :value=\"choice.key\">{{choice.label}}<\/option>\r\n        <\/select>\r\n    <\/div>\r\n\t<div v-else class=\"form-group explore-filter orderby-filter md-group\" :class=\"wrapperClasses\">\r\n        <select :value=\"filters[filterKey]\" @select:change=\"updateInput\" ref=\"select\" required>\r\n            <option v-for=\"choice in choices\" :value=\"choice.key\">{{choice.label}}<\/option>\r\n        <\/select>\r\n    \t<label>{{label}}<\/label>\r\n    \t<div class=\"orderby-filter-notes\"\r\n            v-if=\"location==='advanced-form' && hasNote(filters[filterKey], 'has-proximity-clause')\">\r\n            <p>{{locationDetails}}<\/p>\r\n    \t<\/div>\r\n\t<\/div>\r\n<\/order-filter>\r\n\r\n\t\t\t\t\t<\/div>\r\n\t\t\t\t\t<div class=\"form-group fc-search\">\r\n\t\t\t\t\t\t<a href=\"#\" class=\"buttons button-2 full-width c27-explore-search-button\"\r\n\t\t\t\t\t\t   @click.prevent=\"state.mobileTab = 'results'; _getListings(); _resultsScrollTop();\"\r\n\t\t\t\t\t\t><i class=\"mi search\"><\/i>Search<\/a>\r\n\t\t\t\t\t\t<a href=\"#\" class=\"reset-results-27 full-width\" @click.prevent=\"resetFilters($event); getListings();\">\r\n\t\t\t\t\t\t\t<i class=\"mi refresh\"><\/i>Reset Filters\t\t\t\t\t\t<\/a>\r\n\t\t\t\t\t\t<a href=\"#\" class=\"close-filters-27\" @click.prevent=\"state.mobileTab = 'results'\">\r\n\t\t\t\t\t\t\t<i class=\"mi close\"><\/i>\r\n\t\t\t\t\t\t<\/a>\r\n\t\t\t\t\t<\/div>\r\n\t\t\t\t<\/div>\r\n\t\t\t<\/div>\r\n\t\t<\/div>\r\n\t\r\n\t<div id=\"explore-taxonomy-tab\" class=\"listing-cat-tab tab-pane fade c27-explore-categories\" :class=\"activeType.tab !== 'search-form' ? 'in active' : ''\">\r\n\t\t<div v-if=\"currentTax\">\r\n\t\t\t<transition-group name=\"vfade-down\">\r\n\t\t\t\t<div v-if=\"currentTax.activeTerm\" class=\"active-term\" :key=\"currentTax.activeTerm.term_id\">\r\n\t\t\t\t\t<div class=\"form-group fc-search\" :key=\"'filters-mobile-head'\">\r\n\t\t\t\t\t\t<a href=\"#\" class=\"buttons button-2 full-width c27-explore-search-button\"\r\n\t\t\t\t\t\t   @click.prevent=\"state.mobileTab = 'results'; _getListings(); _resultsScrollTop();\"\r\n\t\t\t\t\t\t   v-if=\"isMobile\"\r\n\t\t\t\t\t\t><i class=\"mi search\"><\/i>Search<\/a>\r\n\t\t\t\t\t\t<a href=\"#\" class=\"taxonomy-back-btn\"\r\n\t\t\t\t\t\t\t@click.prevent=\"termsGoBack( currentTax.activeTerm )\"\r\n\t\t\t\t\t\t\tv-if=\"currentTax.activeTermId !== 0\">\r\n\t\t\t\t\t\t\t<i class=\"mi keyboard_backspace\"><\/i>Back\t\t\t\t\t\t<\/a>\r\n\t\t\t\t\t\t<a href=\"#\" class=\"close-filters-27\" @click.prevent=\"state.mobileTab = 'results'\"\r\n\t\t\t\t\t\t\tv-if=\"isMobile\">\r\n\t\t\t\t\t\t\t<i class=\"mi close\"><\/i>\r\n\t\t\t\t\t\t<\/a>\r\n\t\t\t\t\t<\/div>\r\n\r\n\t\t\t\t\t<div class=\"active-taxonomy-container\" :class=\"currentTax.activeTerm.background ? 'with-bg' : 'no-bg'\">\r\n\t\t\t\t\t\t<div\r\n\t\t\t\t\t\t\tclass=\"category-background\" style=\"height: 200px; background-size: cover;\"\r\n\t\t\t\t\t\t\t:style=\"currentTax.activeTerm.background ? 'background-image: url(\\''+currentTax.activeTerm.background+'\\');' : ''\"\r\n\t\t\t\t\t\t><\/div>\r\n\t\t\t\t\t\t<span class=\"cat-icon\" :style=\"'background-color:'+currentTax.activeTerm.color\" v-html=\"currentTax.activeTerm.single_icon\"><\/span>\r\n\t\t\t\t\t\t<div v-html=\"currentTermName\"><\/div>\r\n\t\t\t\t\t\t<p class=\"category-description\" v-html=\"currentTax.activeTerm.description\"><\/p>\r\n\r\n\t\t\t\t\t\t\t\t\t\t\t\t\t\t\t\t\t\t\t\t\t<div v-show=\"activeType.id === 111\">\r\n\t\t\t\t\t\t\t\t\t\r\n<order-filter\r\n    listing-type=\"event\"\r\n    filter-key=\"sort\"\r\n    location=\"taxonomy-tab\"\r\n    label=\"Trier par\"\r\n\t:choices=\"[{&quot;key&quot;:&quot;date&quot;,&quot;label&quot;:&quot;Date&quot;,&quot;notes&quot;:[]}]\"\r\n    @input=\"filterChanged\"\r\n\tinline-template\r\n>\r\n    <div v-if=\"location === 'primary-filter'\" class=\"explore-head-search\">\r\n        <i class=\"mi format_list_bulleted\"><\/i>\r\n        <select :value=\"filters[filterKey]\" @select:change=\"updateInput\" ref=\"select\" required>\r\n            <option v-for=\"choice in choices\" :value=\"choice.key\">{{choice.label}}<\/option>\r\n        <\/select>\r\n    <\/div>\r\n\t<div v-else class=\"form-group explore-filter orderby-filter md-group\" :class=\"wrapperClasses\">\r\n        <select :value=\"filters[filterKey]\" @select:change=\"updateInput\" ref=\"select\" required>\r\n            <option v-for=\"choice in choices\" :value=\"choice.key\">{{choice.label}}<\/option>\r\n        <\/select>\r\n    \t<label>{{label}}<\/label>\r\n    \t<div class=\"orderby-filter-notes\"\r\n            v-if=\"location==='advanced-form' && hasNote(filters[filterKey], 'has-proximity-clause')\">\r\n            <p>{{locationDetails}}<\/p>\r\n    \t<\/div>\r\n\t<\/div>\r\n<\/order-filter>\r\n\t\t\t\t\t\t\t\t<\/div>\r\n\t\t\t\t\t\t\t\t\t\t\t\t\t\t\t\t\t\t<\/div>\r\n\t\t\t\t<\/div>\r\n\r\n\t\t\t\t<div v-show=\"currentTax.termsLoading && currentTax.activeTermId !== 0 && ! currentTax.activeTerm\" class=\"loader-bg\" :key=\"'single-term-loading-indicator'\">\r\n\t\t\t\t\t<div class=\"listing-cat listing-cat-loading bg-loading-animation\"><\/div>\r\n\t\t\t\t\t<div class=\"listing-cat-line bg-loading-animation\"><\/div>\r\n\t\t\t\t\t<div class=\"listing-cat-line bg-loading-animation\"><\/div>\r\n\t\t\t\t\t<div class=\"listing-cat-line bg-loading-animation\"><\/div>\r\n\t\t\t\t<\/div>\r\n\t\t\t<\/transition-group>\r\n\r\n\t\t\t<transition-group :name=\"currentTax.activeTermId === 0 ? 'vfade-up' : 'vfade-down'\">\r\n\t\t\t\t<a href=\"#\" class=\"taxonomy-back-btn\" @click.prevent=\"activeType.tab = 'search-form'; getListings();\" v-if=\"currentTax.activeTermId === 0 && showBackToFilters\" :key=\"'back-to-filters'\">\r\n\t\t\t\t\t<i class=\"mi keyboard_backspace\"><\/i>Back to filters\t\t\t\t<\/a>\r\n\r\n\t\t\t\t<div v-if=\"Object.keys(currentTax.terms).length && currentTax.activeTermId !== 0\" :key=\"'subterms-loaded-indicator-'+currentTax.activeTermId\">\r\n\t\t\t\t\t<h4 class=\"browse-subcategories\"><i class=\"mi bookmark_border\"><\/i>Browse sub-categories<\/h4>\r\n\t\t\t\t<\/div>\r\n\r\n\t\t\t\t<div v-if=\"currentTax.terms\" v-for=\"term in currentTax.terms\" class=\"listing-cat\" :class=\"term.term_id == currentTax.active_term ? 'active' : ''\" :key=\"term.term_id\">\r\n\t\t\t\t\t<a href=\"#\" @click.prevent=\"termsExplore( activeType.tab, term )\">\r\n\t\t\t\t\t\t<div\r\n\t\t\t\t\t\t\tclass=\"overlay gradient1\"\r\n\t\t\t\t\t\t\tstyle=\"\"\r\n\t\t\t\t\t\t><\/div>\r\n\t\t\t\t\t\t<div class=\"lc-background\" :style=\"term.background ? 'background-image: url(\\''+term.background+'\\');' : ''\"><\/div>\r\n\r\n\t\t\t\t\t\t<div class=\"lc-info\">\r\n\t\t\t\t\t\t\t<h4 class=\"case27-primary-text\">{{ term.name }}<\/h4>\r\n\t\t\t\t\t\t\t<template v-if=\"activeType.is_global\">\r\n\t\t\t\t\t\t\t\t<h6>{{ term.count }}<\/h6>\r\n\t\t\t\t\t\t\t<\/template>\r\n\t\t\t\t\t\t\t<template v-else>\r\n\t\t\t\t\t\t\t\t<h6 v-if=\"term.count_by_type && term.count_by_type.hasOwnProperty(activeType.slug)\">{{ term.count_by_type[activeType.slug] }}<\/h6>\r\n\t\t\t\t\t\t\t\t<h6 v-else>No listings<\/h6>\r\n\r\n\t\t\t\t\t\t\t<\/template>\r\n\t\t\t\t\t\t<\/div>\r\n\t\t\t\t\t\t<div class=\"lc-icon\" v-html=\"term.icon\"><\/div>\r\n\t\t\t\t\t<\/a>\r\n\t\t\t\t<\/div>\r\n\r\n\t\t\t\t<div v-if=\"currentTax.terms && currentTax.hasMore && !currentTax.termsLoading\" :key=\"'load-more-terms'\">\r\n\t\t\t\t\t<a href=\"#\" class=\"buttons button-2\" @click.prevent=\"currentTax.termsPage += 1; termsExplore( activeType.tab, currentTax.activeTerm, true );\">\r\n\t\t\t\t\t\tLoad More\t\t\t\t\t<\/a>\r\n\t\t\t\t<\/div>\r\n\r\n\t\t\t\t<div v-show=\"currentTax.termsLoading && currentTax.activeTermId === 0\" class=\"loader-bg\" :key=\"'terms-loading-indicator'\">\r\n\t\t\t\t\t<div class=\"listing-cat listing-cat-loading bg-loading-animation\"><\/div>\r\n\t\t\t\t\t<div class=\"listing-cat listing-cat-loading bg-loading-animation\"><\/div>\r\n\t\t\t\t\t<div class=\"listing-cat listing-cat-loading bg-loading-animation\"><\/div>\r\n\t\t\t\t\t<div class=\"listing-cat listing-cat-loading bg-loading-animation\"><\/div>\r\n\t\t\t\t<\/div>\r\n\t\t\t<\/transition-group>\r\n\t\t<\/div>\r\n\t<\/div>\r\n<\/div>\r\n\t\t\t<\/div>\r\n\t\t<\/div>\r\n\t\t<div class=\"finder-overlay\"><\/div>\r\n\t<\/div>\r\n\t<section class=\"i-section explore-type-2\" :class=\"( state.mobileTab === 'results' ? '' : 'visible-lg' )\">\r\n\t\t<div class=\"container\">\r\n\t\t\t<div class=\"fl-head row\">\r\n\t\t\t\t<results-header inline-template>\t\t\t\t<div class=\"explore-desktop-head\" v-if=\"foundPosts !== 0\">\r\n\t\t\t\t\t\t\t\t\t\t\t<div class=\"load-previews-batch load-batch-icon\" :class=\"! hasPrevPage ? 'batch-unavailable' : ''\">\r\n\t\t\t\t\t\t\t<a aria-label=\"Load previous results\" href=\"#\" @click.prevent=\"getPrevPage\">\r\n\t\t\t\t\t\t\t\t<i class=\"material-icons arrow_back\"><\/i>\r\n\t\t\t\t\t\t\t<\/a>\r\n\t\t\t\t\t\t<\/div>\r\n\r\n\t\t\t\t\t\t<span href=\"#\" class=\"fl-results-no text-left\" v-cloak>\r\n\t\t\t\t\t\t\t<span class=\"rslt-nr\" v-html=\"resultCountText\"><\/span>\r\n\t\t\t\t\t\t<\/span>\r\n\r\n\t\t\t\t\t\t<div class=\"load-next-batch load-batch-icon\" :class=\"{ 'batch-unavailable': ! hasNextPage }\">\r\n\t\t\t\t\t\t\t<a aria-label=\"Load next results\" href=\"#\" @click.prevent=\"getNextPage\">\r\n\t\t\t\t\t\t\t\t<i class=\"material-icons arrow_forward\"><\/i>\r\n\t\t\t\t\t\t\t<\/a>\r\n\t\t\t\t\t\t<\/div>\r\n\t\t\t\t\t\t\t\t\t\t\t\t\t\t<\/div>\r\n\t\t\t\t<\/results-header>\t\t\t<\/div>\r\n\r\n\t\t\t\t\t\t\t<div class=\"row results-view fc-type-2-results\" :class=\"isotope ? 'grid' : ''\" v-show=\"!loading && found_posts !== 0\">\r\n\t\t\t\t\t\t\t\t\t\t\t<div class=\"col-md-4 col-sm-6 grid-item\"><div class=\"lf-item-container listing-preview type-event no-logo has-tagline has-info-fields level-promoted priority-2\" data-id=\"listing-id-38088\" data-category-icon=\"\" data-category-color=\"\" data-category-text-color=\"\" data-thumbnail=\"https:\/\/www.parislgbt.com\/wp-content\/themes\/my-listing\/assets\/images\/marker.jpg\" data-marker=\"https:\/\/www.parislgbt.com\/wp-content\/themes\/my-listing\/assets\/images\/marker.jpg\" data-template=\"default\" data-locations=\"false\"\n><div class=\"lf-item lf-item-default\" data-template=\"default\"> <a href=\"https:\/\/www.parislgbt.com\/listing\/afterwork-karaoke-au-sun-city-2026\/\"> <div class=\"overlay\" style=\" background-color: #0b0033; opacity: 0.4;\n\"><\/div> <div class=\"lf-background\" style=\"background-image: url('https:\/\/www.parislgbt.com\/wp-content\/uploads\/2025\/09\/AFTERWORK-KARAOKE-AU-SUN-CITY-2026-768x432.jpg');\"><\/div> <div class=\"lf-item-info\"> <h4 class=\"case27-primary-text listing-preview-title\"> AFTERWORK KARAOKE AU SUN CITY <\/h4> <ul class=\"lf-contact no-list-style\"> <\/ul> <\/div> <\/a> <div class=\"lf-head level-promoted\"> <span class=\"tooltip-element tooltip-bottom\"> <div class=\"lf-head-btn ad-badge\"> <span><i class=\"icon-flash\"><\/i><\/span> <\/div> <span class=\"tooltip-container\">Promoted<\/span> <\/span> <div class=\"lf-head-btn \" > 1 May - 2 May <\/div> <\/div><\/div><\/div><\/div><div class=\"col-md-4 col-sm-6 grid-item\"><div class=\"lf-item-container listing-preview type-event no-logo has-tagline has-info-fields level-promoted priority-2\" data-id=\"listing-id-37306\" data-category-icon=\"\" data-category-color=\"\" data-category-text-color=\"\" data-thumbnail=\"https:\/\/www.parislgbt.com\/wp-content\/themes\/my-listing\/assets\/images\/marker.jpg\" data-marker=\"https:\/\/www.parislgbt.com\/wp-content\/themes\/my-listing\/assets\/images\/marker.jpg\" data-template=\"default\" data-locations=\"false\"\n><div class=\"lf-item lf-item-default\" data-template=\"default\"> <a href=\"https:\/\/www.parislgbt.com\/listing\/l-afterwork-karaoke-du-sun-city\/\"> <div class=\"overlay\" style=\" background-color: #0b0033; opacity: 0.4;\n\"><\/div> <div class=\"lf-background\" style=\"background-image: url('https:\/\/www.parislgbt.com\/wp-content\/uploads\/2025\/01\/15-Jan-AFTERWORK-KARAOKE-DU-SUN-CITY-768x768.jpg');\"><\/div> <div class=\"lf-item-info\"> <h4 class=\"case27-primary-text listing-preview-title\"> L' AFTERWORK KARAOK\u00c9 DU SUN CITY <\/h4> <ul class=\"lf-contact no-list-style\"><\/ul> <\/div> <\/a> <div class=\"lf-head level-promoted\"> <span class=\"tooltip-element tooltip-bottom\"> <div class=\"lf-head-btn ad-badge\"> <span><i class=\"icon-flash\"><\/i><\/span> <\/div> <span class=\"tooltip-container\">Promoted<\/span> <\/span> <div class=\"lf-head-btn \" > 6 May <\/div> <\/div><\/div><\/div><\/div><div class=\"col-md-4 col-sm-6 grid-item\"><div class=\"lf-item-container listing-preview type-event no-logo has-tagline has-info-fields level-promoted priority-2\" data-id=\"listing-id-42697\" data-category-icon=\"\" data-category-color=\"\" data-category-text-color=\"\" data-thumbnail=\"https:\/\/www.parislgbt.com\/wp-content\/themes\/my-listing\/assets\/images\/marker.jpg\" data-marker=\"https:\/\/www.parislgbt.com\/wp-content\/themes\/my-listing\/assets\/images\/marker.jpg\" data-template=\"default\" data-locations=\"[{&quot;address&quot;:&quot;9 Cours des Humanit\\u00e9s, 93300 Aubervilliers, France&quot;,&quot;lat&quot;:&quot;48.90926&quot;,&quot;lng&quot;:&quot;2.36650&quot;}]\"\n><div class=\"lf-item lf-item-default\" data-template=\"default\"> <a href=\"https:\/\/www.parislgbt.com\/listing\/conference-debat-sexualite-et-identifications-minoritaires-comment-les-jeunes-questionnent-lordre-de-genre\/\"> <div class=\"overlay\" style=\" background-color: #0b0033; opacity: 0.4;\n\"><\/div> <div class=\"lf-background\" style=\"background-image: url('https:\/\/www.parislgbt.com\/wp-content\/uploads\/listing-uploads\/cover\/2026\/04\/people-enjoying-celebrations-pride-month-768x512.jpg');\"><\/div> <div class=\"lf-item-info\"> <h4 class=\"case27-primary-text listing-preview-title\"> Conf\u00e9rence-d\u00e9bat : Sexualit\u00e9 et identifications minoritaires : comment les jeunes questionnent l\u2019ordre de genre <\/h4> <ul class=\"lf-contact no-list-style\"> <li > Institut national d&#039;\u00e9tudes d\u00e9mographiques (Ined) <\/li> <\/ul> <\/div> <\/a> <div class=\"lf-head level-promoted\"> <span class=\"tooltip-element tooltip-bottom\"> <div class=\"lf-head-btn ad-badge\"> <span><i class=\"icon-flash\"><\/i><\/span> <\/div> <span class=\"tooltip-container\">Promoted<\/span> <\/span> <div class=\"lf-head-btn \" > 7 May <\/div> <\/div><\/div><\/div><\/div><div class=\"col-md-4 col-sm-6 grid-item\"><div class=\"lf-item-container listing-preview type-event no-logo has-tagline has-info-fields level-promoted priority-2\" data-id=\"listing-id-40393\" data-category-icon=\"\" data-category-color=\"\" data-category-text-color=\"\" data-thumbnail=\"https:\/\/www.parislgbt.com\/wp-content\/themes\/my-listing\/assets\/images\/marker.jpg\" data-marker=\"https:\/\/www.parislgbt.com\/wp-content\/themes\/my-listing\/assets\/images\/marker.jpg\" data-template=\"default\" data-locations=\"[{&quot;address&quot;:&quot;Paris, \\u00cele-de-France, France&quot;,&quot;lat&quot;:&quot;48.85347&quot;,&quot;lng&quot;:&quot;2.34821&quot;}]\"\n><div class=\"lf-item lf-item-default\" data-template=\"default\"> <a href=\"https:\/\/www.parislgbt.com\/listing\/idahobit\/\"> <div class=\"overlay\" style=\" background-color: #0b0033; opacity: 0.4;\n\"><\/div> <div class=\"lf-background\" style=\"background-image: url('https:\/\/www.parislgbt.com\/wp-content\/uploads\/2026\/01\/IDAHOBIT-Francais-768x334.png');\"><\/div> <div class=\"lf-item-info\"> <h4 class=\"case27-primary-text listing-preview-title\"> IDAHOBIT International Day Against Homophobia, Transphobia, and Biphobia <\/h4> <ul class=\"lf-contact no-list-style\"> <li > France <\/li> <\/ul> <\/div> <\/a> <div class=\"lf-head level-promoted\"> <span class=\"tooltip-element tooltip-bottom\"> <div class=\"lf-head-btn ad-badge\"> <span><i class=\"icon-flash\"><\/i><\/span> <\/div> <span class=\"tooltip-container\">Promoted<\/span> <\/span> <div class=\"lf-head-btn \" > 17 May <\/div> <\/div><\/div><\/div><\/div><div class=\"col-md-4 col-sm-6 grid-item\"><div class=\"lf-item-container listing-preview type-event no-logo has-tagline has-info-fields level-promoted priority-2\" data-id=\"listing-id-42354\" data-category-icon=\"\" data-category-color=\"\" data-category-text-color=\"\" data-thumbnail=\"https:\/\/www.parislgbt.com\/wp-content\/themes\/my-listing\/assets\/images\/marker.jpg\" data-marker=\"https:\/\/www.parislgbt.com\/wp-content\/themes\/my-listing\/assets\/images\/marker.jpg\" data-template=\"default\" data-locations=\"[{&quot;address&quot;:&quot;Place De La Pointe, 93500 Pantin, France&quot;,&quot;lat&quot;:&quot;48.89493&quot;,&quot;lng&quot;:&quot;2.41700&quot;}]\"\n><div class=\"lf-item lf-item-default\" data-template=\"default\"> <a href=\"https:\/\/www.parislgbt.com\/listing\/course-des-fiertes\/\"> <div class=\"overlay\" style=\" background-color: #0b0033; opacity: 0.4;\n\"><\/div> <div class=\"lf-background\" style=\"background-image: url('https:\/\/www.parislgbt.com\/wp-content\/uploads\/listing-uploads\/cover\/2026\/03\/Course-des-Fiertes_Samedi-20-Juin-2026-768x960.jpeg');\"><\/div> <div class=\"lf-item-info\"> <h4 class=\"case27-primary-text listing-preview-title\"> Course des Fiert\u00e9s <\/h4> <ul class=\"lf-contact no-list-style\"> <li > Place de la Point, Pantin <\/li> <\/ul> <\/div> <\/a> <div class=\"lf-head level-promoted\"> <span class=\"tooltip-element tooltip-bottom\"> <div class=\"lf-head-btn ad-badge\"> <span><i class=\"icon-flash\"><\/i><\/span> <\/div> <span class=\"tooltip-container\">Promoted<\/span> <\/span> <div class=\"lf-head-btn \" > 20 Jun <\/div> <\/div><\/div><\/div><\/div><div class=\"col-md-4 col-sm-6 grid-item\"><div class=\"lf-item-container listing-preview type-event no-logo has-tagline has-info-fields level-promoted priority-2\" data-id=\"listing-id-36038\" data-category-icon=\"\" data-category-color=\"\" data-category-text-color=\"\" data-thumbnail=\"https:\/\/www.parislgbt.com\/wp-content\/themes\/my-listing\/assets\/images\/marker.jpg\" data-marker=\"https:\/\/www.parislgbt.com\/wp-content\/themes\/my-listing\/assets\/images\/marker.jpg\" data-template=\"default\" data-locations=\"[{&quot;address&quot;:&quot;Paris, \\u00cele-de-France, France&quot;,&quot;lat&quot;:&quot;48.86409&quot;,&quot;lng&quot;:&quot;2.36233&quot;}]\"\n><div class=\"lf-item lf-item-default\" data-template=\"default\"> <a href=\"https:\/\/www.parislgbt.com\/listing\/conference-tourisme-lgbt-2025\/\"> <div class=\"overlay\" style=\" background-color: #0b0033; opacity: 0.4;\n\"><\/div> <div class=\"lf-background\" style=\"background-image: url('https:\/\/www.parislgbt.com\/wp-content\/uploads\/2025\/05\/Visuel-conf-20-juin-event-768x432.jpeg');\"><\/div> <div class=\"lf-item-info\"> <h4 class=\"case27-primary-text listing-preview-title\"> Conf\u00e9rence Tourisme LGBT <\/h4> <ul class=\"lf-contact no-list-style\"> <li > Mairie Paris Centre <\/li> <\/ul> <\/div> <\/a> <div class=\"lf-head level-promoted\"> <span class=\"tooltip-element tooltip-bottom\"> <div class=\"lf-head-btn ad-badge\"> <span><i class=\"icon-flash\"><\/i><\/span> <\/div> <span class=\"tooltip-container\">Promoted<\/span> <\/span> <div class=\"lf-head-btn \" > 20 Jun <\/div> <\/div><\/div><\/div><\/div><div class=\"col-md-4 col-sm-6 grid-item\"><div class=\"lf-item-container listing-preview type-event no-logo has-tagline has-info-fields level-featured priority-1\" data-id=\"listing-id-41475\" data-category-icon=\"\" data-category-color=\"\" data-category-text-color=\"\" data-thumbnail=\"https:\/\/www.parislgbt.com\/wp-content\/themes\/my-listing\/assets\/images\/marker.jpg\" data-marker=\"https:\/\/www.parislgbt.com\/wp-content\/themes\/my-listing\/assets\/images\/marker.jpg\" data-template=\"default\" data-locations=\"[{&quot;address&quot;:&quot;6 Rue Frochot, 75009 Paris, France&quot;,&quot;lat&quot;:&quot;48.88133&quot;,&quot;lng&quot;:&quot;2.33763&quot;}]\"\n><div class=\"lf-item lf-item-default\" data-template=\"default\"> <a href=\"https:\/\/www.parislgbt.com\/listing\/allie-e-s-et-plus-si-affinites\/\"> <div class=\"overlay\" style=\" background-color: #0b0033; opacity: 0.4;\n\"><\/div> <div class=\"lf-background\" style=\"background-image: url('https:\/\/www.parislgbt.com\/wp-content\/uploads\/listing-uploads\/cover\/2026\/02\/IMG_4381-768x1086.jpeg');\"><\/div> <div class=\"lf-item-info\"> <h4 class=\"case27-primary-text listing-preview-title\"> ALLI\u00c9.E.S et plus si affinit\u00e9s <\/h4> <ul class=\"lf-contact no-list-style\"> <li > Th\u00e9\u00e2tre Le Bout (Pigalle) <\/li> <\/ul> <\/div> <\/a> <div class=\"lf-head level-featured\"> <span class=\"tooltip-element tooltip-bottom\"> <div class=\"lf-head-btn ad-badge\"> <span><i class=\"icon-flash\"><\/i><\/span> <\/div> <span class=\"tooltip-container\">Featured<\/span> <\/span> <div class=\"lf-head-btn \" > 13 Feb - 1 May <\/div> <\/div><\/div><\/div><\/div><div class=\"col-md-4 col-sm-6 grid-item\"><div class=\"lf-item-container listing-preview type-event no-logo has-tagline has-info-fields level-featured priority-1\" data-id=\"listing-id-41797\" data-category-icon=\"\" data-category-color=\"\" data-category-text-color=\"\" data-thumbnail=\"https:\/\/www.parislgbt.com\/wp-content\/themes\/my-listing\/assets\/images\/marker.jpg\" data-marker=\"https:\/\/www.parislgbt.com\/wp-content\/themes\/my-listing\/assets\/images\/marker.jpg\" data-template=\"default\" data-locations=\"[{&quot;address&quot;:&quot;95 Boulevard Saint-Michel, 75005 Paris, France&quot;,&quot;lat&quot;:&quot;48.84457&quot;,&quot;lng&quot;:&quot;2.33955&quot;}]\"\n><div class=\"lf-item lf-item-default\" data-template=\"default\"> <a href=\"https:\/\/www.parislgbt.com\/listing\/yalla-le-tajine-musical\/\"> <div class=\"overlay\" style=\" background-color: #0b0033; opacity: 0.4;\n\"><\/div> <div class=\"lf-background\" style=\"background-image: url('https:\/\/www.parislgbt.com\/wp-content\/uploads\/listing-uploads\/cover\/2026\/02\/YALLA-Comedie-St-Michel-1-1-768x1152.png');\"><\/div> <div class=\"lf-item-info\"> <h4 class=\"case27-primary-text listing-preview-title\"> Yalla! Le Tajine Musical <\/h4> <ul class=\"lf-contact no-list-style\"> <li > La Com\u00e9die St Michel <\/li> <\/ul> <\/div> <\/a> <div class=\"lf-head level-featured\"> <span class=\"tooltip-element tooltip-bottom\"> <div class=\"lf-head-btn ad-badge\"> <span><i class=\"icon-flash\"><\/i><\/span> <\/div> <span class=\"tooltip-container\">Featured<\/span> <\/span> <div class=\"lf-head-btn \" > 26 Apr <\/div> <\/div><\/div><\/div><\/div><div class=\"col-md-4 col-sm-6 grid-item\"><div class=\"lf-item-container listing-preview type-event no-logo has-tagline has-info-fields level-featured priority-1\" data-id=\"listing-id-40095\" data-category-icon=\"\" data-category-color=\"\" data-category-text-color=\"\" data-thumbnail=\"https:\/\/www.parislgbt.com\/wp-content\/themes\/my-listing\/assets\/images\/marker.jpg\" data-marker=\"https:\/\/www.parislgbt.com\/wp-content\/themes\/my-listing\/assets\/images\/marker.jpg\" data-template=\"default\" data-locations=\"false\"\n><div class=\"lf-item lf-item-default\" data-template=\"default\"> <a href=\"https:\/\/www.parislgbt.com\/listing\/get-in-dance-la-soiree-lesbienne-en-mixite-choisie-de-rosa-bonheur-sur-seine-2026\/\"> <div class=\"overlay\" style=\" background-color: #0b0033; opacity: 0.4;\n\"><\/div> <div class=\"lf-background\" style=\"background-image: url('https:\/\/www.parislgbt.com\/wp-content\/uploads\/2026\/01\/25-Jan-Get-In-Dance.webp');\"><\/div> <div class=\"lf-item-info\"> <h4 class=\"case27-primary-text listing-preview-title\"> Get In Dance, la soir\u00e9e lesbienne en mixit\u00e9 choisie de Rosa Bonheur sur Seine <\/h4> <ul class=\"lf-contact no-list-style\"> <\/ul> <\/div> <\/a> <div class=\"lf-head level-featured\"> <span class=\"tooltip-element tooltip-bottom\"> <div class=\"lf-head-btn ad-badge\"> <span><i class=\"icon-flash\"><\/i><\/span> <\/div> <span class=\"tooltip-container\">Featured<\/span> <\/span> <div class=\"lf-head-btn \" > 26 Apr <\/div> <\/div><\/div><\/div><\/div><div class=\"col-md-4 col-sm-6 grid-item\"><div class=\"lf-item-container listing-preview type-event no-logo has-tagline has-info-fields level-featured priority-1\" data-id=\"listing-id-42489\" data-category-icon=\"\" data-category-color=\"\" data-category-text-color=\"\" data-thumbnail=\"https:\/\/www.parislgbt.com\/wp-content\/themes\/my-listing\/assets\/images\/marker.jpg\" data-marker=\"https:\/\/www.parislgbt.com\/wp-content\/themes\/my-listing\/assets\/images\/marker.jpg\" data-template=\"default\" data-locations=\"[{&quot;address&quot;:&quot;1 Avenue de la R\\u00e9publique, 93170 Bagnolet, France&quot;,&quot;lat&quot;:&quot;48.86313&quot;,&quot;lng&quot;:&quot;2.41541&quot;}]\"\n><div class=\"lf-item lf-item-default\" data-template=\"default\"> <a href=\"https:\/\/www.parislgbt.com\/listing\/rubweek26\/\"> <div class=\"overlay\" style=\" background-color: #0b0033; opacity: 0.4;\n\"><\/div> <div class=\"lf-background\" style=\"background-image: url('https:\/\/www.parislgbt.com\/wp-content\/uploads\/listing-uploads\/cover\/2026\/03\/800-800-social-square-768x768.png');\"><\/div> <div class=\"lf-item-info\"> <h4 class=\"case27-primary-text listing-preview-title\"> RUB'WEEK26 <\/h4> <ul class=\"lf-contact no-list-style\"> <li > SYNERGY - RUB&#039;ZONE - CLOS&#039;IN <\/li> <\/ul> <\/div> <\/a> <div class=\"lf-head level-featured\"> <span class=\"tooltip-element tooltip-bottom\"> <div class=\"lf-head-btn ad-badge\"> <span><i class=\"icon-flash\"><\/i><\/span> <\/div> <span class=\"tooltip-container\">Featured<\/span> <\/span> <div class=\"lf-head-btn \" > 30 Apr - 4 May <\/div> <\/div><\/div><\/div><\/div><div class=\"col-md-4 col-sm-6 grid-item\"><div class=\"lf-item-container listing-preview type-event no-logo has-tagline has-info-fields level-featured priority-1\" data-id=\"listing-id-42058\" data-category-icon=\"\" data-category-color=\"\" data-category-text-color=\"\" data-thumbnail=\"https:\/\/www.parislgbt.com\/wp-content\/themes\/my-listing\/assets\/images\/marker.jpg\" data-marker=\"https:\/\/www.parislgbt.com\/wp-content\/themes\/my-listing\/assets\/images\/marker.jpg\" data-template=\"default\" data-locations=\"[{&quot;address&quot;:&quot;8 Port De La Gare, 75013 Paris, France&quot;,&quot;lat&quot;:&quot;48.83378&quot;,&quot;lng&quot;:&quot;2.37857&quot;}]\"\n><div class=\"lf-item lf-item-default\" data-template=\"default\"> <a href=\"https:\/\/www.parislgbt.com\/listing\/drag-invasion-avec-eboni-labelle-drag-race-canada\/\"> <div class=\"overlay\" style=\" background-color: #0b0033; opacity: 0.4;\n\"><\/div> <div class=\"lf-background\" style=\"background-image: url('https:\/\/www.parislgbt.com\/wp-content\/uploads\/listing-uploads\/cover\/2026\/04\/Copie-de-BANDEAU-SHOTGUN-MARS-AVRIL-1-768x432.jpg');\"><\/div> <div class=\"lf-item-info\"> <h4 class=\"case27-primary-text listing-preview-title\"> Drag Invasion \u2014 AVEC EBONI LA'BELLE DRAG RACE CANADA <\/h4> <ul class=\"lf-contact no-list-style\"> <li > Bateau El Alamein, 8 Port de la Gare, 75013 Paris <\/li> <\/ul> <\/div> <\/a> <div class=\"lf-head level-featured\"> <span class=\"tooltip-element tooltip-bottom\"> <div class=\"lf-head-btn ad-badge\"> <span><i class=\"icon-flash\"><\/i><\/span> <\/div> <span class=\"tooltip-container\">Featured<\/span> <\/span> <div class=\"lf-head-btn \" > 1 May <\/div> <\/div><\/div><\/div><\/div><div class=\"col-md-4 col-sm-6 grid-item\"><div class=\"lf-item-container listing-preview type-event no-logo has-tagline has-info-fields level-featured priority-1\" data-id=\"listing-id-42742\" data-category-icon=\"\" data-category-color=\"\" data-category-text-color=\"\" data-thumbnail=\"https:\/\/www.parislgbt.com\/wp-content\/themes\/my-listing\/assets\/images\/marker.jpg\" data-marker=\"https:\/\/www.parislgbt.com\/wp-content\/themes\/my-listing\/assets\/images\/marker.jpg\" data-template=\"default\" data-locations=\"[{&quot;address&quot;:&quot;17 Boulevard Morland, 75004 Paris, France&quot;,&quot;lat&quot;:&quot;48.84996&quot;,&quot;lng&quot;:&quot;2.36320&quot;}]\"\n><div class=\"lf-item lf-item-default\" data-template=\"default\"> <a href=\"https:\/\/www.parislgbt.com\/listing\/gigis-titi-drag-brunch-15-au-titi-palacio-avec-clemence-tru\/\"> <div class=\"overlay\" style=\" background-color: #0b0033; opacity: 0.4;\n\"><\/div> <div class=\"lf-background\" style=\"background-image: url('https:\/\/www.parislgbt.com\/wp-content\/uploads\/listing-uploads\/cover\/2026\/04\/BRUNCH-15-BANNIERE-1-1-768x402.png');\"><\/div> <div class=\"lf-item-info\"> <h4 class=\"case27-primary-text listing-preview-title\"> Gigi's Titi Drag Brunch #15 au Titi Palacio avec Cl\u00e9mence Tr\u00fc! <\/h4> <ul class=\"lf-contact no-list-style\"> <\/ul> <\/div> <\/a> <div class=\"lf-head level-featured\"> <span class=\"tooltip-element tooltip-bottom\"> <div class=\"lf-head-btn ad-badge\"> <span><i class=\"icon-flash\"><\/i><\/span> <\/div> <span class=\"tooltip-container\">Featured<\/span> <\/span> <div class=\"lf-head-btn \" > 3 May <\/div> <\/div><\/div><\/div><\/div><div class=\"col-md-4 col-sm-6 grid-item\"><div class=\"lf-item-container listing-preview type-event no-logo has-tagline has-info-fields level-featured priority-1\" data-id=\"listing-id-42708\" data-category-icon=\"\" data-category-color=\"\" data-category-text-color=\"\" data-thumbnail=\"https:\/\/www.parislgbt.com\/wp-content\/themes\/my-listing\/assets\/images\/marker.jpg\" data-marker=\"https:\/\/www.parislgbt.com\/wp-content\/themes\/my-listing\/assets\/images\/marker.jpg\" data-template=\"default\" data-locations=\"false\"\n><div class=\"lf-item lf-item-default\" data-template=\"default\"> <a href=\"https:\/\/www.parislgbt.com\/listing\/discoquette-freaks-fest-lynks-live-michelle-manetti-more\/\"> <div class=\"overlay\" style=\" background-color: #0b0033; opacity: 0.4;\n\"><\/div> <div class=\"lf-background\" style=\"background-image: url('https:\/\/www.parislgbt.com\/wp-content\/uploads\/listing-uploads\/cover\/2026\/04\/Cover_FB-768x402.jpg');\"><\/div> <div class=\"lf-item-info\"> <h4 class=\"case27-primary-text listing-preview-title\"> Discoquette Freaks Fest: Lynks Live, Michelle Manetti &amp; More <\/h4> <ul class=\"lf-contact no-list-style\"> <\/ul> <\/div> <\/a> <div class=\"lf-head level-featured\"> <span class=\"tooltip-element tooltip-bottom\"> <div class=\"lf-head-btn ad-badge\"> <span><i class=\"icon-flash\"><\/i><\/span> <\/div> <span class=\"tooltip-container\">Featured<\/span> <\/span> <div class=\"lf-head-btn \" > 9 May - 10 May <\/div> <\/div><\/div><\/div><\/div><div class=\"col-md-4 col-sm-6 grid-item\"><div class=\"lf-item-container listing-preview type-event no-logo has-tagline has-info-fields level-featured priority-1\" data-id=\"listing-id-42016\" data-category-icon=\"\" data-category-color=\"\" data-category-text-color=\"\" data-thumbnail=\"https:\/\/www.parislgbt.com\/wp-content\/themes\/my-listing\/assets\/images\/marker.jpg\" data-marker=\"https:\/\/www.parislgbt.com\/wp-content\/themes\/my-listing\/assets\/images\/marker.jpg\" data-template=\"default\" data-locations=\"[{&quot;address&quot;:&quot;200 Quai de Valmy, 75010 Paris, France&quot;,&quot;lat&quot;:&quot;48.88146&quot;,&quot;lng&quot;:&quot;2.36854&quot;}]\"\n><div class=\"lf-item lf-item-default\" data-template=\"default\"> <a href=\"https:\/\/www.parislgbt.com\/listing\/attention-a-la-drag-9\/\"> <div class=\"overlay\" style=\" background-color: #0b0033; opacity: 0.4;\n\"><\/div> <div class=\"lf-background\" style=\"background-image: url('https:\/\/www.parislgbt.com\/wp-content\/uploads\/listing-uploads\/cover\/2026\/03\/AALD-9-Horizontal-768x432.jpg');\"><\/div> <div class=\"lf-item-info\"> <h4 class=\"case27-primary-text listing-preview-title\"> Attention \u00e0 la Drag #9 <\/h4> <ul class=\"lf-contact no-list-style\"> <li > Point \u00c9ph\u00e9m\u00e8re <\/li> <\/ul> <\/div> <\/a> <div class=\"lf-head level-featured\"> <span class=\"tooltip-element tooltip-bottom\"> <div class=\"lf-head-btn ad-badge\"> <span><i class=\"icon-flash\"><\/i><\/span> <\/div> <span class=\"tooltip-container\">Featured<\/span> <\/span> <div class=\"lf-head-btn \" > 13 May <\/div> <\/div><\/div><\/div><\/div><div class=\"col-md-4 col-sm-6 grid-item\"><div class=\"lf-item-container listing-preview type-event no-logo has-tagline has-info-fields level-featured priority-1\" data-id=\"listing-id-42924\" data-category-icon=\"\" data-category-color=\"\" data-category-text-color=\"\" data-thumbnail=\"https:\/\/www.parislgbt.com\/wp-content\/themes\/my-listing\/assets\/images\/marker.jpg\" data-marker=\"https:\/\/www.parislgbt.com\/wp-content\/themes\/my-listing\/assets\/images\/marker.jpg\" data-template=\"default\" data-locations=\"[{&quot;address&quot;:&quot;69 Port de la Rap\\u00e9e, 75012 Paris, France&quot;,&quot;lat&quot;:&quot;48.84326&quot;,&quot;lng&quot;:&quot;2.36937&quot;}]\"\n><div class=\"lf-item lf-item-default\" data-template=\"default\"> <a href=\"https:\/\/www.parislgbt.com\/listing\/copain-copine-la-boum-queer-allie-e-s-%f0%9f%8c%9e-4\/\"> <div class=\"overlay\" style=\" background-color: #0b0033; opacity: 0.4;\n\"><\/div> <div class=\"lf-background\" style=\"background-image: url('https:\/\/www.parislgbt.com\/wp-content\/uploads\/listing-uploads\/cover\/2026\/04\/SHOTGUN-2-768x432.png');\"><\/div> <div class=\"lf-item-info\"> <h4 class=\"case27-primary-text listing-preview-title\"> Copain-Copine - La boum queer &amp; alli\u00e9.e.s ! \ud83c\udf1e <\/h4> <ul class=\"lf-contact no-list-style\"> <li > Mazette <\/li> <\/ul> <\/div> <\/a> <div class=\"lf-head level-featured\"> <span class=\"tooltip-element tooltip-bottom\"> <div class=\"lf-head-btn ad-badge\"> <span><i class=\"icon-flash\"><\/i><\/span> <\/div> <span class=\"tooltip-container\">Featured<\/span> <\/span> <div class=\"lf-head-btn \" > 24 May <\/div> <\/div><\/div><\/div><\/div><div class=\"col-md-4 col-sm-6 grid-item\"><div class=\"lf-item-container listing-preview type-event no-logo has-tagline has-info-fields level-featured priority-1\" data-id=\"listing-id-41981\" data-category-icon=\"\" data-category-color=\"\" data-category-text-color=\"\" data-thumbnail=\"https:\/\/www.parislgbt.com\/wp-content\/themes\/my-listing\/assets\/images\/marker.jpg\" data-marker=\"https:\/\/www.parislgbt.com\/wp-content\/themes\/my-listing\/assets\/images\/marker.jpg\" data-template=\"default\" data-locations=\"[{&quot;address&quot;:&quot;7 Rue des Fusill\\u00e9s, 94400 Vitry-sur-Seine, France&quot;,&quot;lat&quot;:&quot;48.78762&quot;,&quot;lng&quot;:&quot;2.41619&quot;}]\"\n><div class=\"lf-item lf-item-default\" data-template=\"default\"> <a href=\"https:\/\/www.parislgbt.com\/listing\/paris-queer-festival-2026\/\"> <div class=\"overlay\" style=\" background-color: #0b0033; opacity: 0.4;\n\"><\/div> <div class=\"lf-background\" style=\"background-image: url('https:\/\/www.parislgbt.com\/wp-content\/uploads\/2026\/03\/41953_image_619278909_897523092791538_2201792016224892988_n-1-1-768x432.jpg');\"><\/div> <div class=\"lf-item-info\"> <h4 class=\"case27-primary-text listing-preview-title\"> Paris Queer Festival 2026 <\/h4> <ul class=\"lf-contact no-list-style\"> <li > Le Kilowatt <\/li> <\/ul> <\/div> <\/a> <div class=\"lf-head level-featured\"> <span class=\"tooltip-element tooltip-bottom\"> <div class=\"lf-head-btn ad-badge\"> <span><i class=\"icon-flash\"><\/i><\/span> <\/div> <span class=\"tooltip-container\">Featured<\/span> <\/span> <div class=\"lf-head-btn \" > 30 May - 31 May <\/div> <\/div><\/div><\/div><\/div><div class=\"col-md-4 col-sm-6 grid-item\"><div class=\"lf-item-container listing-preview type-event no-logo has-tagline has-info-fields level-featured priority-1\" data-id=\"listing-id-38720\" data-category-icon=\"\" data-category-color=\"\" data-category-text-color=\"\" data-thumbnail=\"https:\/\/www.parislgbt.com\/wp-content\/themes\/my-listing\/assets\/images\/marker.jpg\" data-marker=\"https:\/\/www.parislgbt.com\/wp-content\/themes\/my-listing\/assets\/images\/marker.jpg\" data-template=\"default\" data-locations=\"[{&quot;address&quot;:&quot;Paris, \\u00cele-de-France, France&quot;,&quot;lat&quot;:&quot;48.85471&quot;,&quot;lng&quot;:&quot;2.38233&quot;}]\"\n><div class=\"lf-item lf-item-default\" data-template=\"default\"> <a href=\"https:\/\/www.parislgbt.com\/listing\/bingo-drag-avec-janine-tendo-et-toni-truande-au-merci%c2%b7marsha\/\"> <div class=\"overlay\" style=\" background-color: #0b0033; opacity: 0.4;\n\"><\/div> <div class=\"lf-background\" style=\"background-image: url('https:\/\/www.parislgbt.com\/wp-content\/uploads\/listing-uploads\/cover\/2026\/04\/BANNIERES-COM-LARGES1-768x265.jpg');\"><\/div> <div class=\"lf-item-info\"> <h4 class=\"case27-primary-text listing-preview-title\"> BINGO DRAG ! Avec Janine Tendo et Toni Truande au Merci\u00b7Marsha ! <\/h4> <ul class=\"lf-contact no-list-style\"> <\/ul> <\/div> <\/a> <div class=\"lf-head level-featured\"> <span class=\"tooltip-element tooltip-bottom\"> <div class=\"lf-head-btn ad-badge\"> <span><i class=\"icon-flash\"><\/i><\/span> <\/div> <span class=\"tooltip-container\">Featured<\/span> <\/span> <div class=\"lf-head-btn \" > 30 May <\/div> <\/div><\/div><\/div><\/div><div class=\"col-md-4 col-sm-6 grid-item\"><div class=\"lf-item-container listing-preview type-event no-logo has-tagline has-info-fields level-normal priority-0\" data-id=\"listing-id-40407\" data-category-icon=\"\" data-category-color=\"\" data-category-text-color=\"\" data-thumbnail=\"https:\/\/www.parislgbt.com\/wp-content\/themes\/my-listing\/assets\/images\/marker.jpg\" data-marker=\"https:\/\/www.parislgbt.com\/wp-content\/themes\/my-listing\/assets\/images\/marker.jpg\" data-template=\"default\" data-locations=\"false\"\n><div class=\"lf-item lf-item-default\" data-template=\"default\"> <a href=\"https:\/\/www.parislgbt.com\/listing\/parution-bd-pma-pour-toutes-dar-a-luz-vers-la-maternite-contre-vents-et-marees-2\/\"> <div class=\"overlay\" style=\" background-color: #0b0033; opacity: 0.4;\n\"><\/div> <div class=\"lf-background\" style=\"background-image: url('https:\/\/www.parislgbt.com\/wp-content\/uploads\/listing-uploads\/cover\/2026\/01\/Dar-A-Luz-Chloe-Roy-Regis-Traen-1.png');\"><\/div> <div class=\"lf-item-info\"> <h4 class=\"case27-primary-text listing-preview-title\"> Parution BD #PMA pour toutes : DAR A LUZ, Vers la maternit\u00e9, contre vents et mar\u00e9es <\/h4> <ul class=\"lf-contact no-list-style\"> <\/ul> <\/div> <\/a> <div class=\"lf-head level-normal\"> <div class=\"lf-head-btn \" > 23 Jan - 23 Feb <\/div> <\/div><\/div><\/div><\/div><div class=\"col-md-4 col-sm-6 grid-item\"><div class=\"lf-item-container listing-preview type-event no-logo has-tagline has-info-fields level-normal priority-0\" data-id=\"listing-id-41878\" data-category-icon=\"\" data-category-color=\"\" data-category-text-color=\"\" data-thumbnail=\"https:\/\/www.parislgbt.com\/wp-content\/themes\/my-listing\/assets\/images\/marker.jpg\" data-marker=\"https:\/\/www.parislgbt.com\/wp-content\/themes\/my-listing\/assets\/images\/marker.jpg\" data-template=\"default\" data-locations=\"[{&quot;address&quot;:&quot;5 Rue Curial, 75019 Paris, France&quot;,&quot;lat&quot;:&quot;48.89009&quot;,&quot;lng&quot;:&quot;2.37155&quot;}]\"\n><div class=\"lf-item lf-item-default\" data-template=\"default\"> <a href=\"https:\/\/www.parislgbt.com\/listing\/circulations-2026-festival-de-la-jeune-photographie-europeenne\/\"> <div class=\"overlay\" style=\" background-color: #0b0033; opacity: 0.4;\n\"><\/div> <div class=\"lf-background\" style=\"background-image: url('https:\/\/www.parislgbt.com\/wp-content\/uploads\/listing-uploads\/cover\/2026\/03\/c0100313831787-cr1380720-q85-39c92d-768x401.jpg');\"><\/div> <div class=\"lf-item-info\"> <h4 class=\"case27-primary-text listing-preview-title\"> Circulation(s) 2026 - Festival de la jeune photographie europ\u00e9enne <\/h4> <ul class=\"lf-contact no-list-style\"> <li > Centquatre-Paris <\/li> <\/ul> <\/div> <\/a> <div class=\"lf-head level-normal\"> <div class=\"lf-head-btn \" > 21 Mar - 17 May <\/div> <\/div><\/div><\/div><\/div><div class=\"col-md-4 col-sm-6 grid-item\"><div class=\"lf-item-container listing-preview type-event no-logo has-tagline has-info-fields level-normal priority-0\" data-id=\"listing-id-42206\" data-category-icon=\"\" data-category-color=\"\" data-category-text-color=\"\" data-thumbnail=\"https:\/\/www.parislgbt.com\/wp-content\/themes\/my-listing\/assets\/images\/marker.jpg\" data-marker=\"https:\/\/www.parislgbt.com\/wp-content\/themes\/my-listing\/assets\/images\/marker.jpg\" data-template=\"default\" data-locations=\"[{&quot;address&quot;:&quot;23 Rue Michel le Comte, 75003 Paris, France&quot;,&quot;lat&quot;:&quot;48.86242&quot;,&quot;lng&quot;:&quot;2.35528&quot;}]\"\n><div class=\"lf-item lf-item-default\" data-template=\"default\"> <a href=\"https:\/\/www.parislgbt.com\/listing\/exposition-jean-marie-caddeo-inventaire\/\"> <div class=\"overlay\" style=\" background-color: #0b0033; opacity: 0.4;\n\"><\/div> <div class=\"lf-background\" style=\"background-image: url('https:\/\/www.parislgbt.com\/wp-content\/uploads\/listing-uploads\/cover\/2026\/03\/flyer_inventaire_800-768x576.png');\"><\/div> <div class=\"lf-item-info\"> <h4 class=\"case27-primary-text listing-preview-title\"> Exposition Jean-Marie Caddeo \/ \"Inventaire\" <\/h4> <ul class=\"lf-contact no-list-style\"> <li > Le Duplex bar <\/li> <\/ul> <\/div> <\/a> <div class=\"lf-head level-normal\"> <div class=\"lf-head-btn \" > 1 Apr - 3 May <\/div> <\/div><\/div><\/div><\/div>\t\t\t\t\t\t\t\t\t<\/div>\r\n\t\t\t\r\n\t\t\t<div class=\"compare-bar\" v-cloak v-if=\"compare.length >= 2\">\r\n\t<a href=\"#\" class=\"buttons button-2\" @click.prevent=\"_compareListing()\">\r\n\t\t<i title=\"mi compare\" class=\"mi compare\"><\/i>\r\n\t\tCompare items\t\t<span>({{ compare.length }})<\/span>\r\n\t<\/a>\r\n\t<a href=\"#\" class=\"buttons button-5\" @click.prevent=\"_clearCompareListing()\">\r\n\t\tCancel\t<\/a>\r\n<\/div>\r\n\r\n\t\t\t<div class=\"no-results-wrapper\" v-show=\"!loading && found_posts === 0\" style=\"display:none;\">\r\n\t\t\t\t<i class=\"no-results-icon mi mood_bad\"><\/i>\r\n\t\t\t\t<li role=\"presentation\" class=\"no_job_listings_found\">\r\n\t\t\t\t\tThere are no listings matching your search.\t\t\t\t\t<a href=\"#\" class=\"reset-results-27 full-width\" @click.prevent=\"resetFilters($event); getListings('reset', true);\">\r\n\t\t\t\t\t\t<i class=\"mi refresh\"><\/i>\r\n\t\t\t\t\t\tReset Filters\t\t\t\t\t<\/a>\r\n\t\t\t\t<\/li>\r\n\t\t\t<\/div>\r\n\r\n\t\t\t<div class=\"loader-bg\" v-show=\"loading\" style=\"display:none;\">\r\n\t\t\t\t\r\n<div class=\"paper-spinner center-vh\" style=\"width: 28px; height: 28px;\">\r\n\t<div class=\"spinner-container active\">\r\n\t\t<div class=\"spinner-layer layer-1\" style=\"border-color: #777;\">\r\n\t\t\t<div class=\"circle-clipper left\">\r\n\t\t\t\t<div class=\"circle\" style=\"border-width: 3px;\"><\/div>\r\n\t\t\t<\/div><div class=\"gap-patch\">\r\n\t\t\t\t<div class=\"circle\" style=\"border-width: 3px;\"><\/div>\r\n\t\t\t<\/div><div class=\"circle-clipper right\">\r\n\t\t\t\t<div class=\"circle\" style=\"border-width: 3px;\"><\/div>\r\n\t\t\t<\/div>\r\n\t\t<\/div>\r\n\t<\/div>\r\n<\/div>\t\t\t<\/div>\r\n\r\n\t\t\t\t\t\t\t<div class=\"row center-button pagination c27-explore-pagination\" v-show=\"!loading\">\r\n\t\t\t\t\t\t\t\t\t\t\t<nav class=\"job-manager-pagination\"><ul class=\"no-list-style\"><li><span class=\"current\" data-page=\"1\">1<\/span><\/li><li><a href=\"https:\/\/www.parislgbt.com\/en\/wp-json\/wp\/v2\/pages\/458?pg=page\" data-page=\"2\">2<\/a><\/li><li><a href=\"https:\/\/www.parislgbt.com\/en\/wp-json\/wp\/v2\/pages\/458?pg=page\" data-page=\"3\">3<\/a><\/li><li><a href=\"https:\/\/www.parislgbt.com\/en\/wp-json\/wp\/v2\/pages\/458?pg=page\" data-page=\"4\">4<\/a><\/li><li><a href=\"https:\/\/www.parislgbt.com\/en\/wp-json\/wp\/v2\/pages\/458?pg=page\" data-page=\"5\">5<\/a><\/li><li><a href=\"https:\/\/www.parislgbt.com\/en\/wp-json\/wp\/v2\/pages\/458?pg=page\" data-page=\"6\">6<\/a><\/li><li><a href=\"https:\/\/www.parislgbt.com\/en\/wp-json\/wp\/v2\/pages\/458?pg=page\" rel=\"next\" data-page=\"2\">&rarr;<\/a><\/li><\/ul><\/nav>\t\t\t\t\t\t\t\t\t<\/div>\r\n\t\t\t\t\t<\/div>\r\n\t<\/section>\r\n\r\n\t<div class=\"explore-mobile-nav\">\r\n\t<ul class=\"nav nav-tabs\">\r\n\t\t<li class=\"show-results\" :class=\"state.mobileTab === 'results' ? 'active' : ''\">\r\n\t\t\t<a href=\"#\" @click.prevent=\"state.mobileTab = 'results';\">\r\n\t\t\t\t<i class=\"mi view_agenda\"><\/i>\r\n\t\t\t\t<span>List view<\/span>\r\n\t\t\t<\/a>\r\n\t\t<\/li>\r\n\r\n\t\t\t<\/ul>\r\n<\/div><\/div>\r\n\r\n\r\n\t\t\t\t<\/div>\n\t\t\t\t<\/div>\n\t\t\t\t\t<\/div>\n\t\t<\/div>\n\t\t\t\t\t<\/div>\n\t\t<\/section>\n\t\t\t\t<\/div>\n\t\t","protected":false},"excerpt":{"rendered":"<p>Agenda des \u00e9v\u00e9n\u00e9ments LGBT \u00e0 Paris<\/p>","protected":false},"author":1,"featured_media":0,"parent":0,"menu_order":0,"comment_status":"closed","ping_status":"closed","template":"","meta":{"footnotes":""},"class_list":["post-458","page","type-page","status-publish","hentry"],"_links":{"self":[{"href":"https:\/\/www.parislgbt.com\/en\/wp-json\/wp\/v2\/pages\/458","targetHints":{"allow":["GET"]}}],"collection":[{"href":"https:\/\/www.parislgbt.com\/en\/wp-json\/wp\/v2\/pages"}],"about":[{"href":"https:\/\/www.parislgbt.com\/en\/wp-json\/wp\/v2\/types\/page"}],"author":[{"embeddable":true,"href":"https:\/\/www.parislgbt.com\/en\/wp-json\/wp\/v2\/users\/1"}],"replies":[{"embeddable":true,"href":"https:\/\/www.parislgbt.com\/en\/wp-json\/wp\/v2\/comments?post=458"}],"version-history":[{"count":27,"href":"https:\/\/www.parislgbt.com\/en\/wp-json\/wp\/v2\/pages\/458\/revisions"}],"predecessor-version":[{"id":33651,"href":"https:\/\/www.parislgbt.com\/en\/wp-json\/wp\/v2\/pages\/458\/revisions\/33651"}],"wp:attachment":[{"href":"https:\/\/www.parislgbt.com\/en\/wp-json\/wp\/v2\/media?parent=458"}],"curies":[{"name":"wp","href":"https:\/\/api.w.org\/{rel}","templated":true}]}}